{"id":1061,"date":"2018-12-13T17:17:36","date_gmt":"2018-12-13T16:17:36","guid":{"rendered":"http:\/\/lapeyrade.linov.fr\/?page_id=1061"},"modified":"2025-12-09T14:38:01","modified_gmt":"2025-12-09T13:38:01","slug":"conditions-generales-de-vente","status":"publish","type":"page","link":"https:\/\/www.campinglapeyrade.fr\/index.php\/conditions-generales-de-vente\/","title":{"rendered":"Conditions g\u00e9n\u00e9rales de vente"},"content":{"rendered":"<p>[et_pb_section fb_built=\u00a0\u00bb1&Prime; _builder_version=\u00a0\u00bb4.16&Prime; custom_padding=\u00a0\u00bb108px|0px|54px|0|false|false\u00a0\u00bb da_disable_devices=\u00a0\u00bboff|off|off\u00a0\u00bb global_colors_info=\u00a0\u00bb{}\u00a0\u00bb da_is_popup=\u00a0\u00bboff\u00a0\u00bb da_exit_intent=\u00a0\u00bboff\u00a0\u00bb da_has_close=\u00a0\u00bbon\u00a0\u00bb da_alt_close=\u00a0\u00bboff\u00a0\u00bb da_dark_close=\u00a0\u00bboff\u00a0\u00bb da_not_modal=\u00a0\u00bbon\u00a0\u00bb da_is_singular=\u00a0\u00bboff\u00a0\u00bb da_with_loader=\u00a0\u00bboff\u00a0\u00bb da_has_shadow=\u00a0\u00bbon\u00a0\u00bb][et_pb_row make_equal=\u00a0\u00bbon\u00a0\u00bb _builder_version=\u00a0\u00bb4.16&Prime; width=\u00a0\u00bb85%\u00a0\u00bb max_width=\u00a0\u00bb85%\u00a0\u00bb custom_padding=\u00a0\u00bb50px|0px|0|0px|false|false\u00a0\u00bb use_custom_width=\u00a0\u00bbon\u00a0\u00bb width_unit=\u00a0\u00bboff\u00a0\u00bb custom_width_percent=\u00a0\u00bb85%\u00a0\u00bb global_colors_info=\u00a0\u00bb{}\u00a0\u00bb][et_pb_column type=\u00a0\u00bb4_4&Prime; _builder_version=\u00a0\u00bb4.16&Prime; custom_padding=\u00a0\u00bb|||\u00a0\u00bb global_colors_info=\u00a0\u00bb{}\u00a0\u00bb custom_padding__hover=\u00a0\u00bb|||\u00a0\u00bb][et_pb_text admin_label=\u00a0\u00bbDiscover Beatuty Title\u00a0\u00bb _builder_version=\u00a0\u00bb4.16&Prime; text_font=\u00a0\u00bb||||\u00a0\u00bb text_text_color=\u00a0\u00bb#1a1a1a\u00a0\u00bb header_font=\u00a0\u00bbOswald|on||on|\u00a0\u00bb header_text_align=\u00a0\u00bbright\u00a0\u00bb header_text_color=\u00a0\u00bbrgba(26,26,26,0.73)\u00a0\u00bb header_font_size=\u00a0\u00bb55px\u00a0\u00bb header_line_height=\u00a0\u00bb1.3em\u00a0\u00bb animation_style=\u00a0\u00bbslide\u00a0\u00bb animation_direction=\u00a0\u00bbtop\u00a0\u00bb animation_intensity_slide=\u00a0\u00bb10%\u00a0\u00bb global_colors_info=\u00a0\u00bb{}\u00a0\u00bb]<\/p>\n<h1 style=\"text-align: left;\">Conditions g\u00e9n\u00e9rales de vente<\/h1>\n<p>[\/et_pb_text][et_pb_divider color=\u00a0\u00bbrgba(26,26,26,0.73)\u00a0\u00bb divider_position=\u00a0\u00bbcenter\u00a0\u00bb divider_weight=\u00a0\u00bb3px\u00a0\u00bb disabled_on=\u00a0\u00bboff|off|off\u00a0\u00bb _builder_version=\u00a0\u00bb4.16&Prime; max_width=\u00a0\u00bb50%\u00a0\u00bb height=\u00a0\u00bbfalse\u00a0\u00bb animation_style=\u00a0\u00bbslide\u00a0\u00bb animation_direction=\u00a0\u00bbtop\u00a0\u00bb animation_delay=\u00a0\u00bb100ms\u00a0\u00bb animation_intensity_slide=\u00a0\u00bb10%\u00a0\u00bb global_colors_info=\u00a0\u00bb{}\u00a0\u00bb][\/et_pb_divider][\/et_pb_column][\/et_pb_row][et_pb_row _builder_version=\u00a0\u00bb4.16&Prime; global_colors_info=\u00a0\u00bb{}\u00a0\u00bb][et_pb_column type=\u00a0\u00bb4_4&Prime; _builder_version=\u00a0\u00bb4.16&Prime; custom_padding=\u00a0\u00bb|||\u00a0\u00bb global_colors_info=\u00a0\u00bb{}\u00a0\u00bb custom_padding__hover=\u00a0\u00bb|||\u00a0\u00bb][et_pb_text admin_label=\u00a0\u00bbDiscover Beatuty Text\u00a0\u00bb _builder_version=\u00a0\u00bb4.27.5&Prime; text_font=\u00a0\u00bbRoboto||||\u00a0\u00bb text_font_size=\u00a0\u00bb16px\u00a0\u00bb text_line_height=\u00a0\u00bb1.9em\u00a0\u00bb custom_padding=\u00a0\u00bb30px|||\u00a0\u00bb animation_style=\u00a0\u00bbslide\u00a0\u00bb animation_direction=\u00a0\u00bbtop\u00a0\u00bb animation_delay=\u00a0\u00bb200ms\u00a0\u00bb animation_intensity_slide=\u00a0\u00bb10%\u00a0\u00bb global_colors_info=\u00a0\u00bb{}\u00a0\u00bb]<\/p>\n<h2>ARTICLE 1 &#8211; CHAMP D&rsquo;APPLICATION DES CONDITIONS GENERALES DE VENTE<\/h2>\n<p>Les pr\u00e9sentes conditions g\u00e9n\u00e9rales r\u00e9gissent de plein droit toutes les ventes de s\u00e9jours r\u00e9alis\u00e9es sur le site www.campinglapeyrade.fr. Elles font partie int\u00e9grante de tout contrat conclu entre le camping et ses clients.<br \/>Les caract\u00e9ristiques principales des services sont pr\u00e9sent\u00e9es sur le site internet www.campinglapeyrade.fr ou sur support \u00e9crit papier ou \u00e9lectronique en cas de r\u00e9servation par un moyen autre qu\u2019une commande \u00e0 distance.<br \/>Le client est tenu d\u2019en prendre connaissance avant toute passation de commande. Le choix et l\u2019achat d\u2019un service est de la seule responsabilit\u00e9 du client.<br \/>Chaque client reconna\u00eet avoir pris connaissance des pr\u00e9sentes conditions g\u00e9n\u00e9rales pr\u00e9alablement \u00e0 toute r\u00e9servation d&rsquo;un s\u00e9jour, pour lui-m\u00eame et toute personne participant au s\u00e9jour. Les mineurs doivent \u00eatre accompagn\u00e9s d\u2019un parent ou tuteur l\u00e9gal.<br \/>Le client d\u00e9clare avoir pris connaissance des pr\u00e9sentes conditions g\u00e9n\u00e9rales de ventes et les avoir accept\u00e9es soit en cochant la case pr\u00e9vue \u00e0 cet effet avant la mise en \u0153uvre de la proc\u00e9dure de commande en ligne soit en cas de r\u00e9servation hors internet, par tout autre moyen appropri\u00e9.. Elles peuvent \u00e9galement \u00eatre obtenues sur simple demande \u00e9crite adress\u00e9e au si\u00e8ge de l&rsquo;\u00e9tablissement, SAS Camping La Peyrade 12390 Rignac.<\/p>\n<h2>ARTICLE 2 &#8211; CONDITIONS DE RESERVATION<\/h2>\n<p>Vous pouvez effectuer une r\u00e9servation sur notre site www.campinglapeyrade.fr ou par t\u00e9l\u00e9phone.<\/p>\n<h3>2.1 MODALITES<\/h3>\n<p>Toute demande de r\u00e9servation doit \u00eatre accompagn\u00e9e d\u2019un acompte de 30% comprenant les frais de s\u00e9jour et la cotisation d\u2019assurance annulation (si souscrite).<br \/>Il appartient au client de v\u00e9rifier l\u2019exactitude de la commande et de signaler imm\u00e9diatement au camping toute erreur. La r\u00e9servation ne sera consid\u00e9r\u00e9e comme d\u00e9finitive qu\u2019apr\u00e8s l\u2019envoi au client de la confirmation de l\u2019acception de la r\u00e9servation par le prestataire, par courrier \u00e9lectronique ou postal, ou directement dans les locaux du camping, r\u00e9capitulant toutes les informations relatives \u00e0 votre s\u00e9jour.<br \/>Toute commande pass\u00e9e sur le site internet www.campinglapeyrade.fr constitue la formation d\u2019un contrat conclu \u00e0 distance entre le client et le prestataire.<br \/>Toute commande est nominative et ne peut, en aucun cas, \u00eatre c\u00e9d\u00e9e.<br \/>Les prix indiqu\u00e9s sont exprim\u00e9s TTC en \u20ac et ne comprennent pas la taxe de s\u00e9jour qui est collect\u00e9e pour le compte de la communaut\u00e9 de communes. Son montant est d\u00e9termin\u00e9 par personne \u00e2g\u00e9e de 18 ans et plus et par jour. Elle est acquitter lors du paiement et figure distinctement sur la facture.<br \/>Quelle que soit la formule adopt\u00e9e (emplacement nu ou h\u00e9bergement locatif), des frais suppl\u00e9mentaires seront factur\u00e9s pour les v\u00e9hicules suppl\u00e9mentaires, les animaux, les visiteurs\u2026<br \/>Aucune brochure et site internet ne peuvent \u00eatre \u00e0 l\u2019abri d\u2019\u00e9ventuelles omissions ou erreurs d\u2019impression. Nos prix sont par ailleurs susceptibles d\u2019\u00e9voluer en fonction des conditions \u00e9conomiques et commerciales. Le prix contractuel, d\u00fb par vous, est celui appos\u00e9 sur votre confirmation de r\u00e9servation.<\/p>\n<h3>2.2 CAPACITE MAXIMUM<\/h3>\n<p>Pour des raisons de s\u00e9curit\u00e9 et d\u2019assurance, le nombre d\u2019occupants ne peut d\u00e9passer la capacit\u00e9 pr\u00e9vue par le type d\u2019h\u00e9bergement ou d\u2019emplacement r\u00e9serv\u00e9 (1 \u00e0 6 maximum, selon la capacit\u00e9 de l\u2019h\u00e9bergement ou de l\u2019emplacement), nouveaux n\u00e9s compris. Si nous observons \u00e0 votre arriv\u00e9e que la capacit\u00e9 maximum de l\u2019h\u00e9bergement ou de l\u2019emplacement r\u00e9serv\u00e9 est d\u00e9pass\u00e9e, nous nous r\u00e9servons le<br \/>droit de vous refuser l\u2019acc\u00e8s \u00e0 l\u2019h\u00e9bergement ou \u00e0 l\u2019emplacement r\u00e9serv\u00e9, sans remboursement du prix de s\u00e9jour de notre part.<\/p>\n<h3>2.3 MINEURS<\/h3>\n<p>Pour des raisons de s\u00e9curit\u00e9, les mineurs non accompagn\u00e9s de leurs parents ou de leurs grands-parents pendant toute la dur\u00e9e de leur s\u00e9jour ne sont pas accept\u00e9s dans notre camping, sauf autorisation notifi\u00e9e par vos soins pr\u00e9alablement \u00e0 l\u2019arriv\u00e9e, par courriel, sur demande de votre part.<\/p>\n<h3>2.4 RETRACTATION<\/h3>\n<p>Les dispositions l\u00e9gales relatives au droit de r\u00e9tractation en cas de vente \u00e0 distance pr\u00e9vues par le Code de la consommation ne sont pas applicables aux prestations touristiques, d\u2019h\u00e9bergement, de transport, de restauration et de loisirs (article L.221-28 du Code de la consommation).<br \/>Ainsi, pour toute commande d&rsquo;un s\u00e9jour aupr\u00e8s du camping, le client ne b\u00e9n\u00e9ficie d&rsquo;aucun droit de r\u00e9tractation.<\/p>\n<h2>ARTICLE 3 &#8211; MODALITE DE PAIEMENTS &#8211; DEROULEMENT DU SEJOUR<\/h2>\n<h3>3.1 PAIEMENTS<\/h3>\n<p>Vous pouvez payer votre r\u00e9servation ou votre s\u00e9jour via les modes de paiement suivants :<br \/>Ch\u00e8que bancaire et ch\u00e8que postal fran\u00e7ais (\u00e0 l\u2019ordre de SAS CAMPING LA PEYRADE), ch\u00e8ques vacances ANCV, esp\u00e8ces, carte bancaire et virement bancaire.<br \/>Pour les s\u00e9jours en emplacement sans r\u00e9servation (passage), vous devez, \u00e0 votre arriv\u00e9e, payer obligatoirement \u00e0 tout le moins la premi\u00e8re nuit. Vous \u00eates en outre charg\u00e9s d\u2019indiquer \u00e0 la r\u00e9ception la dur\u00e9e du s\u00e9jour souhait\u00e9e ou prolong\u00e9e. Le solde est \u00e0 r\u00e9gler au plus tard la veille du d\u00e9part ; vous devez \u00e0 ce titre tenir compte des horaires d\u2019ouverture de la r\u00e9ception. En cas de paiement par avance et de d\u00e9part anticip\u00e9, aucun remboursement ne sera effectu\u00e9.<br \/>En cas d&rsquo;arriv\u00e9e tardive ou de d\u00e9part anticip\u00e9 par rapport aux dates mentionn\u00e9es sur votre confirmation de r\u00e9servation, la totalit\u00e9 du s\u00e9jour restera due. Vous ne pourrez pr\u00e9tendre \u00e0 aucun remboursement pour la part du s\u00e9jour non effectu\u00e9e.<\/p>\n<h3>3.2 ARRIVEES ET DEPARTS<\/h3>\n<p>En location : les arriv\u00e9es s&rsquo;effectuent \u00e0 partir de 16 h, les d\u00e9parts s&rsquo;effectuent avant 10 h<br \/>En emplacement nu : les arriv\u00e9es s&rsquo;effectuent \u00e0 partir de 12 h, les d\u00e9parts s&rsquo;effectuent avant 12 h<br \/>Tout retour de cl\u00e9 ou lib\u00e9ration de l\u2019emplacement tardif entra\u00eene la facturation d&rsquo;une nuit\u00e9e suppl\u00e9mentaire. Toute prolongation de s\u00e9jour doit \u00eatre formul\u00e9e 24 h avant la date de d\u00e9part pr\u00e9vue.<\/p>\n<h3>3.3 CAUTION<\/h3>\n<p>Une caution de 220 euros par h\u00e9bergement vous sera demand\u00e9e le jour de votre arriv\u00e9e pour le respect de l\u2019installation lou\u00e9e (160 \u20acpour la location et 60 \u20ac pour le m\u00e9nage, en deux ch\u00e8ques, CB PLBS ou esp\u00e8ces). Elle vous sera rembours\u00e9e le jour de votre d\u00e9part, pendant les heures d&rsquo;ouverture de l\u2019accueil, apr\u00e8s un \u00e9tat des lieux. La facturation d&rsquo;\u00e9ventuelles d\u00e9gradations viendra s&rsquo;ajouter au prix du s\u00e9jour ainsi que le nettoyage si vous ne laissez pas l&rsquo;h\u00e9bergement dans un \u00e9tat de parfaite propret\u00e9. Si vous ne pouvez \u00eatre pr\u00e9sent lors de l&rsquo;\u00e9tat des lieux, la caution vous sera retourn\u00e9e par courrier.<\/p>\n<h3>3.4 INDISPONIBILITE DE CERTAINS SERVICES<\/h3>\n<p>Un ou plusieurs des services que nous proposons (piscine, peuvent \u00eatre momentan\u00e9ment indisponibles pendant tout ou partie de votre s\u00e9jour. Notre responsabilit\u00e9 ne saurait \u00eatre engag\u00e9e \u00e0 ce titre ; aucune restitution de prix, partielle ou totale, ne sera par ailleurs op\u00e9r\u00e9e de ce fait.<\/p>\n<h2>ARTICLE 4 &#8211; MODIFICATION &#8211; ANNULATION<\/h2>\n<h3>4.1 MODIFICATION DE RESERVATION<\/h3>\n<p>Vous pouvez demander \u00e0 modifier les dates et\/ou le type d\u2019h\u00e9bergement de votre s\u00e9jour au cours de la m\u00eame saison selon les disponibilit\u00e9s et tarifs en vigueur. Votre s\u00e9jour initial ne pourra \u00eatre modifi\u00e9<br \/>qu\u2019une seule fois. Si vous ne pouvez honorer le s\u00e9jour substitu\u00e9 au s\u00e9jour initial, il sera consid\u00e9r\u00e9 comme annul\u00e9 ; les sommes vers\u00e9es ne vous seront pas rembours\u00e9es.<br \/>Si le prix du s\u00e9jour substitu\u00e9 est sup\u00e9rieur \u00e0 celui du s\u00e9jour initial, vous devrez vous acquitter de la diff\u00e9rence. A d\u00e9faut, le s\u00e9jour substitu\u00e9 est consid\u00e9r\u00e9 comme annul\u00e9 et nos conditions d\u2019annulation d\u00e9crites ci-apr\u00e8s s\u2019appliqueront.<br \/>Si le prix du s\u00e9jour substitu\u00e9 est inf\u00e9rieur au prix du s\u00e9jour initial, nous conserverons la diff\u00e9rence de prix, en r\u00e9paration du pr\u00e9judice de la modification de s\u00e9jour.<br \/>Pour toutes modifications des dates de s\u00e9jour, il ne pourra \u00eatre garanti le m\u00eame locatif.<\/p>\n<h3>4.2 ANNULATION (TOUTE ANNULATION DOIT ETRE NOTIFIEE PAR COURRIER OU MAIL)<\/h3>\n<p><strong>Pour obtenir un \u00e9ventuel d\u00e9dommagement, nous vous conseillons de souscrire une assurance annulation et interruption (maladie, accident, COVID 19 \u2026) voir article 4.4<\/strong><br \/>Annulation du fait du locataire :<br \/>&#8211; Plus de 30 jours avant la date pr\u00e9vue de votre arriv\u00e9e, le montant de l\u2019acompte vers\u00e9, les frais de dossier vers\u00e9s, et si applicable, les sommes vers\u00e9es au titre de l\u2019assurance annulation restent acquis au camping.<br \/>&#8211; Entre le 30\u00e8me et le 15\u00e8me jour pr\u00e9c\u00e9dant votre arriv\u00e9e, le montant de l\u2019acompte vers\u00e9, les frais de dossier vers\u00e9s, et si applicable, les sommes vers\u00e9es au titre de l\u2019assurance annulation restent acquis au camping. Le solde du prix du s\u00e9jour fera l\u2019objet d\u2019un avoir \u00e0 valoir sur un prochain s\u00e9jour au sein du camping, qui devra \u00eatre r\u00e9serv\u00e9 au cours de la m\u00eame saison que le s\u00e9jour annul\u00e9 ou au cours de la saison suivante.<br \/>&#8211; Moins de 15 jours avant la date pr\u00e9vue de votre arriv\u00e9e, le montant total de la location, les frais de r\u00e9servation et la cotisation d\u2019assurance sont conserv\u00e9s (si souscrite).<br \/>Annulation du fait du gestionnaire : en cas d\u2019annulation de la r\u00e9servation ou du s\u00e9jour du fait du gestionnaire, et qui ne serait pas li\u00e9e \u00e0 une faute du client, le gestionnaire du terrain de camping remboursera au client les sommes qu\u2019il aurait per\u00e7ues et qui correspondent au s\u00e9jour ou \u00e0 la partie du s\u00e9jour non consomm\u00e9e.<\/p>\n<h3>4.3 ANNULATION EN CAS DE PANDEMIE<\/h3>\n<p>Par d\u00e9rogation \u00e0 ce qui pr\u00e9c\u00e8de :<br \/><strong>4.31<\/strong> Le camping est contraint administrativement de ne pas accueillir de public.<br \/>En cas de fermeture totale ou partielle de l\u2019\u00e9tablissement pendant les dates du s\u00e9jour r\u00e9serv\u00e9 (\u00e0 laquelle est assimil\u00e9e \u00e0 une mesure d\u2019interdiction totale ou partielle d\u2019accueil du public, dans la mesure ou le client est concern\u00e9 directement par l\u2019application de cette mesure) d\u00e9cid\u00e9e par les pouvoirs publics et qui n\u2019est pas imputable au Prestataire. Les sommes vers\u00e9es d\u2019avance par le client au titre de la r\u00e9servation du s\u00e9jour feront l\u2019objet soit :<br \/>&#8211; D\u2019un remboursement d\u00e9duction faite des frais de gestion qui resteront acquis au camping.<br \/>ou<br \/>&#8211; D\u2019un avoir correspondant aux sommes vers\u00e9es par le client, d\u00e9duction faite des frais de gestion qui resteront acquis au prestataire. Cet avoir sera \u00e0 valoir sur un prochain s\u00e9jour au sein du camping, qui devra \u00eatre r\u00e9serv\u00e9 au cours de la m\u00eame saison ou au cours de la saison suivante.<br \/><strong>4.32<\/strong> Le camping peut accueillir du public<br \/>Dans l\u2019hypoth\u00e8se o\u00f9 le client serait contraint d\u2019annuler int\u00e9gralement le s\u00e9jour en raison de mesures gouvernementales ne permettant pas de se d\u00e9placer (confinement g\u00e9n\u00e9ral ou local, interdiction de d\u00e9placement, fermeture des fronti\u00e8res), alors m\u00eame que le terrain de camping est en mesure d\u2019ex\u00e9cuter son obligation et d\u2019accueillir les clients, le prestataire \u00e9mettra un avoir correspondant aux sommes vers\u00e9es par le client, d\u00e9duction faite des frais de gestion qui resteront acquis au camping. Cet avoir sera \u00e0 valoir sur un prochain s\u00e9jour au sein du camping, qui devra \u00eatre r\u00e9serv\u00e9 au cours de la m\u00eame saison ou au cours de la saison suivante.<br \/><strong>4.33<\/strong> Par d\u00e9rogation de l\u2019article 4.2 ANNULATION, toute annulation du s\u00e9jour d\u00fbment justifi\u00e9e par le fait que le client serait atteint par la COVID 19 (infection) ou autre infection consid\u00e9r\u00e9e comme relevant d\u2019une pand\u00e9mie, ou serait identifi\u00e9 comme cas contact, et que cette situation remettrait en cause sa participation au s\u00e9jour aux dates pr\u00e9vue se fera sans indemnit\u00e9 de rupture.<br \/><strong>4.34<\/strong> En cas de souscription, par le client, d\u2019une assurance sp\u00e9cifique couvrant les risques \u00e9num\u00e9r\u00e9s \u00e0 l\u2019article 4.31 &#8211; 4.32 ou 4.33 les indemnit\u00e9s d\u2019assurance per\u00e7ues par le client viendront en d\u00e9duction du montant du remboursement ou de l\u2019avoir, vis\u00e9 aux articles 4.31 ou 4.32<\/p>\n<h3>4.4 ASSURANCE ANNULATION<\/h3>\n<p>Nous vous conseillons de souscrire une assurance annulation. Ce contrat vous offre une garantie annulation qui permet d&rsquo;obtenir le remboursement des sommes vers\u00e9es en cas d&rsquo;annulation de votre s\u00e9jour ou de d\u00e9part anticip\u00e9 sous certaines conditions (maladie, accident, COVID 19\u2026).<br \/>Tarifs assurances : Emplacement camping : 2,9 % du co\u00fbt total du s\u00e9jour<br \/>Location Mobil- Homes : 2,9 % du co\u00fbt total du s\u00e9jour<br \/>La souscription \u00e0 l\u2019assurance doit \u00eatre faite au moment de la r\u00e9servation. Elle garantit le rembourse-ment de l\u2019acompte et\/ou de l\u2019int\u00e9gralit\u00e9 du s\u00e9jour (selon les CGA <a href=\"https:\/\/gap.gritchen.fr\/partenaire\/produits\/__commun\/client-ipid-cga.php?lang=fr&amp;contrat=client_produit_garantie-88d67c3e30feedc289d7cf1e3ecc7d00-25331\" target=\"_blank\" rel=\"noopener\">ICI<\/a>).<br \/>En cas de sinistre, vous devez pr\u00e9venir imm\u00e9diatement le camping et d\u00e9clarer votre sinistre \u00e0 :<br \/>Campez-couvert sur <a href=\"https:\/\/www.declare.fr\/\" target=\"_blank\" rel=\"noopener\">https:\/\/www.declare.fr\/<\/a> (accompagn\u00e9 des pi\u00e8ces justificatives) :<br \/>Par mail : <a href=\"mailto:sinistres@campez-couvert.com\" target=\"_blank\" rel=\"noopener\">sinistres@campez-couvert.com<\/a> ou<br \/>Par courrier : Gritchen Affinity<br \/>Sinistre \u2013 Campez couvert<br \/>27 Rue Charles Durand \u2013 CS70139<br \/>18021 Bourges Cedex<\/p>\n<h2>ARTICLE 5 &#8211; OBLIGATIONS DU CLIENT<\/h2>\n<h3>5.1 ASSURANCE RESPONSABILITE CIVILE<\/h3>\n<p>Le client h\u00e9berg\u00e9 sur un emplacement ou dans un h\u00e9bergement doit obligatoirement \u00eatre assur\u00e9 en responsabilit\u00e9 civile. Une attestation d\u2019assurance pourra \u00eatre demand\u00e9e au client. Le camping d\u00e9cline toute responsabilit\u00e9 pour les dommages subis par le mat\u00e9riel du campeur &#8211; caravanier qui seraient de son propre fait.<\/p>\n<h3>5.2 ANIMAUX<\/h3>\n<p>Les animaux sont admis sur le terrain de camping en location ou emplacement, moyennant le tarif journalier applicable suivant la p\u00e9riode. Les chiens de cat\u00e9gorie 1 et 2 ne sont pas accept\u00e9s.<br \/>Veillez \u00e0 respecter l\u2019hygi\u00e8ne et l\u2019environnement du camping<\/p>\n<h3>5.3 REGLEMENT INTERIEUR<\/h3>\n<p><strong>Comme la loi l&rsquo;exige, vous devez adh\u00e9rer \u00e0 notre r\u00e8glement int\u00e9rieur,<\/strong> affich\u00e9 \u00e0 la r\u00e9ception et dont un exemplaire vous sera remis sur demande.<\/p>\n<h3>5.4 DIVERS<\/h3>\n<p>L\u2019usage des appareils sonores ne doit pas \u00eatre per\u00e7u au-del\u00e0 du p\u00e9rim\u00e8tre de chaque emplacement ; il est obligatoire que chacun respecte le droit au repos de ses voisins.<\/p>\n<h2>ARTICLE 6 &#8211; DROIT APPLICABLE &#8211; LITIGES &#8211; DROIT A L\u2019IMAGE<\/h2>\n<h3>6.1 DROIT APPLICABLE<\/h3>\n<p>Les pr\u00e9sentes conditions g\u00e9n\u00e9rales sont soumises au droit fran\u00e7ais et tout litige relatif \u00e0 leur application rel\u00e8ve de la comp\u00e9tence du Tribunal de grande instance ou du tribunal de commerce de Rodez.<br \/>Les pr\u00e9sentes conditions g\u00e9n\u00e9rales de vente sont r\u00e9dig\u00e9es en langue fran\u00e7aise. Dans le cas o\u00f9 elles seraient traduites en une ou plusieurs langues \u00e9trang\u00e8res, seul le texte fran\u00e7ais ferait foi en cas de litige.<\/p>\n<h3>6.2 LITIGES<\/h3>\n<p>Toute r\u00e9clamation \u00e9ventuelle \u00e0 la suite d&rsquo;un s\u00e9jour, devra \u00eatre formul\u00e9e par \u00e9crit, et envoy\u00e9e par lettre recommand\u00e9e avec accus\u00e9 de r\u00e9ception, dans les 20 jours suivant la fin du s\u00e9jour.<br \/>En cas de litige et \u00e0 d\u00e9faut de solution amiable trouv\u00e9e dans le mois suivant la r\u00e9ception de la lettre de r\u00e9clamation susvis\u00e9e, vous pourrez recourir gratuitement \u00e0 un m\u00e9diateur, \u00e0 condition de le saisir dans l&rsquo;ann\u00e9e suivant l&rsquo;envoi de votre lettre de r\u00e9clamation.<br \/>Par d\u00e9faut, SAS LA PEYRADE vous propose le recours aupr\u00e8s de CM2C 14 rue St jean 75017 Paris.<br \/>Site internet du m\u00e9diateur : https:\/\/www.cm2c.net<br \/>Contact du m\u00e9diateur : https:\/\/www.cm2c.net\/contact.php<\/p>\n<h3>6.3 DROIT A L\u2019IMAGE<\/h3>\n<p>Lors de votre s\u00e9jour sur notre camping, vous \u00eates susceptibles d\u2019\u00eatre pris en photo ou film\u00e9s pour la conception et la r\u00e9alisation de nos plaquettes publicitaires, sauf si vous signalez votre opposition par \u00e9crit \u00e0 la r\u00e9ception d\u00e8s votre arriv\u00e9e.<\/p>\n<h2>ARTICLE 7 &#8211; DONNEES A CARACTERE PERSONNEL<\/h2>\n<p>Lors de la prise de r\u00e9servation ou lors du s\u00e9jour, certaines de vos donn\u00e9es \u00e0 caract\u00e8re personnel peuvent \u00eatre collect\u00e9es et faire l\u2019objet d\u2019un traitement de notre part.<br \/>Lorsque la prise de r\u00e9servation est effectu\u00e9e via notre site internet www.campinglapeyrade.fr\u00a0les modalit\u00e9s de traitement des donn\u00e9es collect\u00e9es en pr\u00e9alable de la r\u00e9servation font l\u2019objet de la politique de confidentialit\u00e9 ou des conditions g\u00e9n\u00e9rales de vente que vous acceptez avant la confirmation de r\u00e9servation.<br \/>Les donn\u00e9es \u00e0 caract\u00e8re personnel collect\u00e9es lors d\u2019une r\u00e9servation effectu\u00e9e par t\u00e9l\u00e9phone ou lors de votre s\u00e9jour sont les suivantes :<br \/>&#8211; Nom et pr\u00e9nom de la personne ayant effectu\u00e9 la r\u00e9servation<br \/>&#8211; Num\u00e9ro de t\u00e9l\u00e9phone ayant effectu\u00e9 la r\u00e9servation<br \/>&#8211; Adresse email de la personne ayant effectu\u00e9 la r\u00e9servation<br \/>&#8211; Date de naissance de la personne ayant effectu\u00e9 la r\u00e9servation et des accompagnants<br \/>&#8211; Adresse<br \/>Ces donn\u00e9es sont collect\u00e9es et trait\u00e9es sur les fondements suivants :<br \/>&#8211; Votre consentement<br \/>&#8211; La n\u00e9cessit\u00e9 de permettre l\u2019ex\u00e9cution d\u2019un contrat de r\u00e9servation conclu entre nous.<br \/>Les donn\u00e9es collect\u00e9es font l\u2019objet d\u2019un traitement qui poursuit les finalit\u00e9s suivantes :<br \/>&#8211; L\u2019ex\u00e9cution d\u2019un contrat de r\u00e9servation conclu entre nous<br \/>&#8211; La gestion de vos \u00e9ventuelles r\u00e9clamations<br \/>&#8211; La tenue de notre fichier clients<br \/>&#8211; La r\u00e9alisation d\u2019actions de prospection commerciale<br \/>&#8211; La gestion de notre comptabilit\u00e9 (facturation)<br \/>Les donn\u00e9es collect\u00e9es seront conserv\u00e9es que pour la dur\u00e9e n\u00e9cessaire aux op\u00e9rations pour lesquelles elles ont \u00e9t\u00e9 collect\u00e9es ainsi que dans le respect de la r\u00e9glementation en vigueur.<br \/>Conform\u00e9ment \u00e0 la loi informatique et libert\u00e9s N\u00b0 78-17 du 6 janvier 1978, il est pr\u00e9cis\u00e9 que chaque personne dispose des droits suivants sur ses donn\u00e9es : droit d\u2019acc\u00e8s, droit de rectification, droit \u00e0 l\u2019effacement (droit \u00e0 l\u2019oubli), droit d\u2019opposition, droit \u00e0 la limitation du traitement, droit \u00e0 la portabilit\u00e9. Chaque personne peut \u00e9galement d\u00e9finir des directives relatives \u00e0 la conservation, \u00e0 l\u2019effacement et \u00e0 la communication de ses donn\u00e9es \u00e0 caract\u00e8re personnel apr\u00e8s son d\u00e9c\u00e8s. Chaque personne peut, pour des motifs tenant \u00e0 sa situation particuli\u00e8re, s\u2019opposer au traitement des donn\u00e9es le concernant.<br \/>Pour exercer ce type de droits, les courriers devront \u00eatre adress\u00e9s par lettre recommand\u00e9e avec AR \u00e0 l\u2019adresse suivante : Camping la Peyrade, Route de Colombi\u00e8s, 12390 Rignac, ou \u00e0 l\u2019adresse mail suivante : <a href=\"mailto:info@campinglapeyrade.fr\"><span id=\"et-info-email\">info@campinglapeyrade.fr<\/span><\/a>.<br \/>Toute personne victime d\u2019un manquement \u00e0 l\u2019un des droits susvis\u00e9s peut introduire une r\u00e9clamation aupr\u00e8s de la CNIL. (<a href=\"https:\/\/www.cnil.fr\" target=\"_blank\" rel=\"noopener\">https:\/\/www.cnil.fr<\/a>)<\/p>\n<p>[\/et_pb_text][\/et_pb_column][\/et_pb_row][\/et_pb_section]<\/p>\n","protected":false},"excerpt":{"rendered":"<p>Conditions g\u00e9n\u00e9rales de venteARTICLE 1 &#8211; CHAMP D&rsquo;APPLICATION DES CONDITIONS GENERALES DE VENTE Les pr\u00e9sentes conditions g\u00e9n\u00e9rales r\u00e9gissent de plein droit toutes les ventes de s\u00e9jours r\u00e9alis\u00e9es sur le site www.campinglapeyrade.fr. Elles font partie int\u00e9grante de tout contrat conclu entre le camping et ses clients.Les caract\u00e9ristiques principales des services sont pr\u00e9sent\u00e9es sur le site internet [&hellip;]<\/p>\n","protected":false},"author":1,"featured_media":0,"parent":0,"menu_order":0,"comment_status":"closed","ping_status":"closed","template":"","meta":{"_et_pb_use_builder":"on","_et_pb_old_content":"","_et_gb_content_width":"","footnotes":""},"class_list":["post-1061","page","type-page","status-publish","hentry"],"yoast_head":"<!-- This site is optimized with the Yoast SEO plugin v27.2 - https:\/\/yoast.com\/product\/yoast-seo-wordpress\/ -->\n<title>Conditions g\u00e9n\u00e9rales de vente - Camping La Peyrade<\/title>\n<meta name=\"robots\" content=\"index, follow, max-snippet:-1, max-image-preview:large, max-video-preview:-1\" \/>\n<link rel=\"canonical\" href=\"https:\/\/www.campinglapeyrade.fr\/index.php\/conditions-generales-de-vente\/\" \/>\n<meta property=\"og:locale\" content=\"fr_FR\" \/>\n<meta property=\"og:type\" content=\"article\" \/>\n<meta property=\"og:title\" content=\"Conditions g\u00e9n\u00e9rales de vente - Camping La Peyrade\" \/>\n<meta property=\"og:description\" content=\"Conditions g\u00e9n\u00e9rales de venteARTICLE 1 - CHAMP D&#039;APPLICATION DES CONDITIONS GENERALES DE VENTE Les pr\u00e9sentes conditions g\u00e9n\u00e9rales r\u00e9gissent de plein droit toutes les ventes de s\u00e9jours r\u00e9alis\u00e9es sur le site www.campinglapeyrade.fr. Elles font partie int\u00e9grante de tout contrat conclu entre le camping et ses clients.Les caract\u00e9ristiques principales des services sont pr\u00e9sent\u00e9es sur le site internet [&hellip;]\" \/>\n<meta property=\"og:url\" content=\"https:\/\/www.campinglapeyrade.fr\/index.php\/conditions-generales-de-vente\/\" \/>\n<meta property=\"og:site_name\" content=\"Camping La Peyrade\" \/>\n<meta property=\"article:modified_time\" content=\"2025-12-09T13:38:01+00:00\" \/>\n<meta name=\"twitter:card\" content=\"summary_large_image\" \/>\n<meta name=\"twitter:label1\" content=\"Dur\u00e9e de lecture estim\u00e9e\" \/>\n\t<meta name=\"twitter:data1\" content=\"14 minutes\" \/>\n<script type=\"application\/ld+json\" class=\"yoast-schema-graph\">{\"@context\":\"https:\/\/schema.org\",\"@graph\":[{\"@type\":\"WebPage\",\"@id\":\"https:\/\/www.campinglapeyrade.fr\/index.php\/conditions-generales-de-vente\/\",\"url\":\"https:\/\/www.campinglapeyrade.fr\/index.php\/conditions-generales-de-vente\/\",\"name\":\"Conditions g\u00e9n\u00e9rales de vente - Camping La Peyrade\",\"isPartOf\":{\"@id\":\"https:\/\/www.campinglapeyrade.fr\/#website\"},\"datePublished\":\"2018-12-13T16:17:36+00:00\",\"dateModified\":\"2025-12-09T13:38:01+00:00\",\"breadcrumb\":{\"@id\":\"https:\/\/www.campinglapeyrade.fr\/index.php\/conditions-generales-de-vente\/#breadcrumb\"},\"inLanguage\":\"fr-FR\",\"potentialAction\":[{\"@type\":\"ReadAction\",\"target\":[\"https:\/\/www.campinglapeyrade.fr\/index.php\/conditions-generales-de-vente\/\"]}]},{\"@type\":\"BreadcrumbList\",\"@id\":\"https:\/\/www.campinglapeyrade.fr\/index.php\/conditions-generales-de-vente\/#breadcrumb\",\"itemListElement\":[{\"@type\":\"ListItem\",\"position\":1,\"name\":\"Accueil\",\"item\":\"https:\/\/www.campinglapeyrade.fr\/\"},{\"@type\":\"ListItem\",\"position\":2,\"name\":\"Conditions g\u00e9n\u00e9rales de vente\"}]},{\"@type\":\"WebSite\",\"@id\":\"https:\/\/www.campinglapeyrade.fr\/#website\",\"url\":\"https:\/\/www.campinglapeyrade.fr\/\",\"name\":\"Camping La Peyrade\",\"description\":\"Camping ***\",\"potentialAction\":[{\"@type\":\"SearchAction\",\"target\":{\"@type\":\"EntryPoint\",\"urlTemplate\":\"https:\/\/www.campinglapeyrade.fr\/?s={search_term_string}\"},\"query-input\":{\"@type\":\"PropertyValueSpecification\",\"valueRequired\":true,\"valueName\":\"search_term_string\"}}],\"inLanguage\":\"fr-FR\"}]}<\/script>\n<!-- \/ Yoast SEO plugin. -->","yoast_head_json":{"title":"Conditions g\u00e9n\u00e9rales de vente - Camping La Peyrade","robots":{"index":"index","follow":"follow","max-snippet":"max-snippet:-1","max-image-preview":"max-image-preview:large","max-video-preview":"max-video-preview:-1"},"canonical":"https:\/\/www.campinglapeyrade.fr\/index.php\/conditions-generales-de-vente\/","og_locale":"fr_FR","og_type":"article","og_title":"Conditions g\u00e9n\u00e9rales de vente - Camping La Peyrade","og_description":"Conditions g\u00e9n\u00e9rales de venteARTICLE 1 - CHAMP D'APPLICATION DES CONDITIONS GENERALES DE VENTE Les pr\u00e9sentes conditions g\u00e9n\u00e9rales r\u00e9gissent de plein droit toutes les ventes de s\u00e9jours r\u00e9alis\u00e9es sur le site www.campinglapeyrade.fr. Elles font partie int\u00e9grante de tout contrat conclu entre le camping et ses clients.Les caract\u00e9ristiques principales des services sont pr\u00e9sent\u00e9es sur le site internet [&hellip;]","og_url":"https:\/\/www.campinglapeyrade.fr\/index.php\/conditions-generales-de-vente\/","og_site_name":"Camping La Peyrade","article_modified_time":"2025-12-09T13:38:01+00:00","twitter_card":"summary_large_image","twitter_misc":{"Dur\u00e9e de lecture estim\u00e9e":"14 minutes"},"schema":{"@context":"https:\/\/schema.org","@graph":[{"@type":"WebPage","@id":"https:\/\/www.campinglapeyrade.fr\/index.php\/conditions-generales-de-vente\/","url":"https:\/\/www.campinglapeyrade.fr\/index.php\/conditions-generales-de-vente\/","name":"Conditions g\u00e9n\u00e9rales de vente - Camping La Peyrade","isPartOf":{"@id":"https:\/\/www.campinglapeyrade.fr\/#website"},"datePublished":"2018-12-13T16:17:36+00:00","dateModified":"2025-12-09T13:38:01+00:00","breadcrumb":{"@id":"https:\/\/www.campinglapeyrade.fr\/index.php\/conditions-generales-de-vente\/#breadcrumb"},"inLanguage":"fr-FR","potentialAction":[{"@type":"ReadAction","target":["https:\/\/www.campinglapeyrade.fr\/index.php\/conditions-generales-de-vente\/"]}]},{"@type":"BreadcrumbList","@id":"https:\/\/www.campinglapeyrade.fr\/index.php\/conditions-generales-de-vente\/#breadcrumb","itemListElement":[{"@type":"ListItem","position":1,"name":"Accueil","item":"https:\/\/www.campinglapeyrade.fr\/"},{"@type":"ListItem","position":2,"name":"Conditions g\u00e9n\u00e9rales de vente"}]},{"@type":"WebSite","@id":"https:\/\/www.campinglapeyrade.fr\/#website","url":"https:\/\/www.campinglapeyrade.fr\/","name":"Camping La Peyrade","description":"Camping ***","potentialAction":[{"@type":"SearchAction","target":{"@type":"EntryPoint","urlTemplate":"https:\/\/www.campinglapeyrade.fr\/?s={search_term_string}"},"query-input":{"@type":"PropertyValueSpecification","valueRequired":true,"valueName":"search_term_string"}}],"inLanguage":"fr-FR"}]}},"_links":{"self":[{"href":"https:\/\/www.campinglapeyrade.fr\/index.php\/wp-json\/wp\/v2\/pages\/1061","targetHints":{"allow":["GET"]}}],"collection":[{"href":"https:\/\/www.campinglapeyrade.fr\/index.php\/wp-json\/wp\/v2\/pages"}],"about":[{"href":"https:\/\/www.campinglapeyrade.fr\/index.php\/wp-json\/wp\/v2\/types\/page"}],"author":[{"embeddable":true,"href":"https:\/\/www.campinglapeyrade.fr\/index.php\/wp-json\/wp\/v2\/users\/1"}],"replies":[{"embeddable":true,"href":"https:\/\/www.campinglapeyrade.fr\/index.php\/wp-json\/wp\/v2\/comments?post=1061"}],"version-history":[{"count":14,"href":"https:\/\/www.campinglapeyrade.fr\/index.php\/wp-json\/wp\/v2\/pages\/1061\/revisions"}],"predecessor-version":[{"id":3427,"href":"https:\/\/www.campinglapeyrade.fr\/index.php\/wp-json\/wp\/v2\/pages\/1061\/revisions\/3427"}],"wp:attachment":[{"href":"https:\/\/www.campinglapeyrade.fr\/index.php\/wp-json\/wp\/v2\/media?parent=1061"}],"curies":[{"name":"wp","href":"https:\/\/api.w.org\/{rel}","templated":true}]}}