{"id":564,"date":"2018-12-10T14:50:51","date_gmt":"2018-12-10T13:50:51","guid":{"rendered":"http:\/\/lapeyrade.linov.fr\/?page_id=564"},"modified":"2026-03-25T18:01:00","modified_gmt":"2026-03-25T17:01:00","slug":"tourisme-a-proximite","status":"publish","type":"page","link":"https:\/\/www.campinglapeyrade.fr\/index.php\/tourisme-a-proximite\/","title":{"rendered":"Tourisme \u00e0 proximit\u00e9"},"content":{"rendered":"<p>[et_pb_section fb_built=\u00a0\u00bb1&Prime; _builder_version=\u00a0\u00bb4.16&Prime; background_image=\u00a0\u00bbhttps:\/\/www.campinglapeyrade.fr\/wp-content\/uploads\/2018\/12\/ViaducdeMillau.jpg\u00a0\u00bb parallax=\u00a0\u00bbon\u00a0\u00bb custom_padding=\u00a0\u00bb134px|0px|151px|0px|false|false\u00a0\u00bb animation_style=\u00a0\u00bbzoom\u00a0\u00bb animation_direction=\u00a0\u00bbbottom\u00a0\u00bb animation_intensity_zoom=\u00a0\u00bb4%\u00a0\u00bb global_colors_info=\u00a0\u00bb{}\u00a0\u00bb][et_pb_row _builder_version=\u00a0\u00bb4.16&Prime; global_colors_info=\u00a0\u00bb{}\u00a0\u00bb][et_pb_column type=\u00a0\u00bb4_4&Prime; _builder_version=\u00a0\u00bb4.16&Prime; custom_padding=\u00a0\u00bb|||\u00a0\u00bb global_colors_info=\u00a0\u00bb{}\u00a0\u00bb custom_padding__hover=\u00a0\u00bb|||\u00a0\u00bb][et_pb_text _builder_version=\u00a0\u00bb4.16&Prime; header_font=\u00a0\u00bb|700|||||||\u00a0\u00bb header_text_color=\u00a0\u00bb#ffffff\u00a0\u00bb header_font_size=\u00a0\u00bb80px\u00a0\u00bb global_colors_info=\u00a0\u00bb{}\u00a0\u00bb]<\/p>\n<h1>Tourisme \u00e0 proximit\u00e9<\/h1>\n<p>&nbsp;<\/p>\n<p>[\/et_pb_text][\/et_pb_column][\/et_pb_row][\/et_pb_section][et_pb_section fb_built=\u00a0\u00bb1&Prime; custom_padding_last_edited=\u00a0\u00bboff|desktop\u00a0\u00bb disabled_on=\u00a0\u00bbon|on|off\u00a0\u00bb module_id=\u00a0\u00bbmenu2&Prime; _builder_version=\u00a0\u00bb4.27.5&Prime; custom_padding=\u00a0\u00bb0|0px|0px|0px|false|false\u00a0\u00bb global_colors_info=\u00a0\u00bb{}\u00a0\u00bb][et_pb_row column_structure=\u00a0\u00bb1_4,1_4,1_4,1_4&Prime; use_custom_gutter=\u00a0\u00bbon\u00a0\u00bb gutter_width=\u00a0\u00bb1&Prime; make_equal=\u00a0\u00bbon\u00a0\u00bb module_class=\u00a0\u00bbmenu2&Prime; _builder_version=\u00a0\u00bb4.16&Prime; custom_padding=\u00a0\u00bb0|0px|27px|0px|false|false\u00a0\u00bb global_colors_info=\u00a0\u00bb{}\u00a0\u00bb][et_pb_column type=\u00a0\u00bb1_4&Prime; _builder_version=\u00a0\u00bb4.16&Prime; custom_padding=\u00a0\u00bb|||\u00a0\u00bb global_colors_info=\u00a0\u00bb{}\u00a0\u00bb custom_padding__hover=\u00a0\u00bb|||\u00a0\u00bb][et_pb_text _builder_version=\u00a0\u00bb4.16&Prime; text_font=\u00a0\u00bbRoboto|||on|||||\u00a0\u00bb text_text_color=\u00a0\u00bb#ffffff\u00a0\u00bb background_color=\u00a0\u00bb#9cc94e\u00a0\u00bb text_orientation=\u00a0\u00bbcenter\u00a0\u00bb custom_padding=\u00a0\u00bb10px|10px|10px|10px|true|true\u00a0\u00bb link_option_url=\u00a0\u00bb#rignac\u00a0\u00bb custom_css_main_element=\u00a0\u00bbmargin-right:3px;\u00a0\u00bb border_radii=\u00a0\u00bbon|2px|2px|2px|2px\u00a0\u00bb global_colors_info=\u00a0\u00bb{}\u00a0\u00bb]<\/p>\n<p>Village de Rignac<\/p>\n<p>[\/et_pb_text][\/et_pb_column][et_pb_column type=\u00a0\u00bb1_4&Prime; _builder_version=\u00a0\u00bb4.16&Prime; custom_padding=\u00a0\u00bb|||\u00a0\u00bb global_colors_info=\u00a0\u00bb{}\u00a0\u00bb custom_padding__hover=\u00a0\u00bb|||\u00a0\u00bb][et_pb_text _builder_version=\u00a0\u00bb4.16&Prime; text_font=\u00a0\u00bbRoboto|||on|||||\u00a0\u00bb text_text_color=\u00a0\u00bb#ffffff\u00a0\u00bb background_color=\u00a0\u00bb#9cc94e\u00a0\u00bb text_orientation=\u00a0\u00bbcenter\u00a0\u00bb custom_padding=\u00a0\u00bb10px|10px|10px|10px|true|true\u00a0\u00bb link_option_url=\u00a0\u00bb#aveyron\u00a0\u00bb custom_css_main_element=\u00a0\u00bbmargin-right:3px;\u00a0\u00bb border_radii=\u00a0\u00bbon|2px|2px|2px|2px\u00a0\u00bb global_colors_info=\u00a0\u00bb{}\u00a0\u00bb]<\/p>\n<p>en aveyron<\/p>\n<p>[\/et_pb_text][\/et_pb_column][et_pb_column type=\u00a0\u00bb1_4&Prime; _builder_version=\u00a0\u00bb4.16&Prime; custom_padding=\u00a0\u00bb|||\u00a0\u00bb global_colors_info=\u00a0\u00bb{}\u00a0\u00bb custom_padding__hover=\u00a0\u00bb|||\u00a0\u00bb][et_pb_text _builder_version=\u00a0\u00bb4.16&Prime; text_font=\u00a0\u00bbRoboto|||on|||||\u00a0\u00bb text_text_color=\u00a0\u00bb#ffffff\u00a0\u00bb background_color=\u00a0\u00bb#9cc94e\u00a0\u00bb text_orientation=\u00a0\u00bbcenter\u00a0\u00bb custom_padding=\u00a0\u00bb10px|10px|10px|10px|true|true\u00a0\u00bb link_option_url=\u00a0\u00bb#alentours\u00a0\u00bb custom_css_main_element=\u00a0\u00bbmargin-right:3px;\u00a0\u00bb border_radii=\u00a0\u00bbon|2px|2px|2px|2px\u00a0\u00bb global_colors_info=\u00a0\u00bb{}\u00a0\u00bb]<\/p>\n<p>aux alentours<\/p>\n<p>[\/et_pb_text][\/et_pb_column][et_pb_column type=\u00a0\u00bb1_4&Prime; _builder_version=\u00a0\u00bb4.16&Prime; custom_padding=\u00a0\u00bb|||\u00a0\u00bb global_colors_info=\u00a0\u00bb{}\u00a0\u00bb custom_padding__hover=\u00a0\u00bb|||\u00a0\u00bb][et_pb_text _builder_version=\u00a0\u00bb4.16&Prime; text_font=\u00a0\u00bbRoboto|||on|||||\u00a0\u00bb text_text_color=\u00a0\u00bb#ffffff\u00a0\u00bb background_color=\u00a0\u00bb#9cc94e\u00a0\u00bb text_orientation=\u00a0\u00bbcenter\u00a0\u00bb custom_padding=\u00a0\u00bb10px|10px|10px|10px|true|true\u00a0\u00bb link_option_url=\u00a0\u00bb#souvenir\u00a0\u00bb border_radii=\u00a0\u00bbon|2px|2px|2px|2px\u00a0\u00bb global_colors_info=\u00a0\u00bb{}\u00a0\u00bb]<\/p>\n<p>galerie souvenirs et paysages<\/p>\n<p>[\/et_pb_text][\/et_pb_column][\/et_pb_row][\/et_pb_section][et_pb_section fb_built=\u00a0\u00bb1&Prime; disabled_on=\u00a0\u00bbon|on|on\u00a0\u00bb module_id=\u00a0\u00bbsearch\u00a0\u00bb _builder_version=\u00a0\u00bb4.27.5&Prime; z_index=\u00a0\u00bb-1&Prime; custom_margin=\u00a0\u00bb0px||||false|false\u00a0\u00bb custom_padding=\u00a0\u00bb0px||40px||false|false\u00a0\u00bb disabled=\u00a0\u00bbon\u00a0\u00bb global_module=\u00a0\u00bb2053&Prime; saved_tabs=\u00a0\u00bball\u00a0\u00bb locked=\u00a0\u00bboff\u00a0\u00bb global_colors_info=\u00a0\u00bb{}\u00a0\u00bb][et_pb_row _builder_version=\u00a0\u00bb4.27.4&Prime; max_width=\u00a0\u00bb80%\u00a0\u00bb module_alignment=\u00a0\u00bbcenter\u00a0\u00bb min_height=\u00a0\u00bb300px\u00a0\u00bb custom_margin=\u00a0\u00bb||\u00a0\u00bb custom_padding=\u00a0\u00bb4px|0px|0|0px|false|false\u00a0\u00bb use_custom_width=\u00a0\u00bbon\u00a0\u00bb width_unit=\u00a0\u00bboff\u00a0\u00bb global_colors_info=\u00a0\u00bb{}\u00a0\u00bb][et_pb_column type=\u00a0\u00bb4_4&Prime; _builder_version=\u00a0\u00bb4.16&Prime; custom_padding=\u00a0\u00bb|||\u00a0\u00bb global_colors_info=\u00a0\u00bb{}\u00a0\u00bb custom_padding__hover=\u00a0\u00bb|||\u00a0\u00bb][et_pb_code module_class=\u00a0\u00bbmoteur-recherche\u00a0\u00bb _builder_version=\u00a0\u00bb4.27.5&Prime; max_width=\u00a0\u00bb99%\u00a0\u00bb module_alignment=\u00a0\u00bbleft\u00a0\u00bb custom_margin=\u00a0\u00bb-7px||\u00a0\u00bb custom_css_main_element=\u00a0\u00bbmargin-top:-50vh;\u00a0\u00bb global_colors_info=\u00a0\u00bb{}\u00a0\u00bb]<thr-search-engine><\/thr-search-engine>[\/et_pb_code][et_pb_code _builder_version=\u00a0\u00bb4.27.5&Prime; max_width=\u00a0\u00bb99%\u00a0\u00bb module_alignment=\u00a0\u00bbleft\u00a0\u00bb custom_margin=\u00a0\u00bb-7px||\u00a0\u00bb custom_css_main_element=\u00a0\u00bbmargin-top:-50vh;\u00a0\u00bb global_colors_info=\u00a0\u00bb{}\u00a0\u00bb]<thr-favorites><\/thr-favorites>[\/et_pb_code][\/et_pb_column][\/et_pb_row][\/et_pb_section][et_pb_section fb_built=\u00a0\u00bb1&Prime; custom_padding_last_edited=\u00a0\u00bbon|desktop\u00a0\u00bb module_id=\u00a0\u00bbbienvenue\u00a0\u00bb _builder_version=\u00a0\u00bb4.27.5&Prime; custom_padding=\u00a0\u00bb0px||1px||false|false\u00a0\u00bb custom_padding_tablet=\u00a0\u00bb0px||1px||false|false\u00a0\u00bb custom_padding_phone=\u00a0\u00bb0px||1px||false|false\u00a0\u00bb global_colors_info=\u00a0\u00bb{}\u00a0\u00bb][et_pb_row column_structure=\u00a0\u00bb1_2,1_2&Prime; module_id=\u00a0\u00bbrignac\u00a0\u00bb _builder_version=\u00a0\u00bb4.16&Prime; global_colors_info=\u00a0\u00bb{}\u00a0\u00bb][et_pb_column type=\u00a0\u00bb1_2&Prime; _builder_version=\u00a0\u00bb4.16&Prime; custom_padding=\u00a0\u00bb|||\u00a0\u00bb global_colors_info=\u00a0\u00bb{}\u00a0\u00bb custom_padding__hover=\u00a0\u00bb|||\u00a0\u00bb][et_pb_text admin_label=\u00a0\u00bbDiscover Beatuty Title\u00a0\u00bb _builder_version=\u00a0\u00bb4.27.5&Prime; text_font=\u00a0\u00bb||||\u00a0\u00bb text_text_color=\u00a0\u00bb#1a1a1a\u00a0\u00bb header_font=\u00a0\u00bbOswald|on||on|\u00a0\u00bb header_text_align=\u00a0\u00bbright\u00a0\u00bb header_text_color=\u00a0\u00bb#9cc94e\u00a0\u00bb header_font_size=\u00a0\u00bb55px\u00a0\u00bb header_line_height=\u00a0\u00bb1.3em\u00a0\u00bb header_2_font=\u00a0\u00bbOswald|on||on|\u00a0\u00bb header_2_text_align=\u00a0\u00bbright\u00a0\u00bb header_2_text_color=\u00a0\u00bb#9cc94e\u00a0\u00bb header_2_font_size=\u00a0\u00bb55px\u00a0\u00bb header_2_line_height=\u00a0\u00bb1.3em\u00a0\u00bb animation_style=\u00a0\u00bbslide\u00a0\u00bb animation_direction=\u00a0\u00bbtop\u00a0\u00bb animation_intensity_slide=\u00a0\u00bb10%\u00a0\u00bb global_colors_info=\u00a0\u00bb{}\u00a0\u00bb]<\/p>\n<h2 style=\"text-align: right;\">Le village de rignac en aveyron<\/h2>\n<p>[\/et_pb_text][et_pb_text admin_label=\u00a0\u00bbDiscover Beatuty Sub Title\u00a0\u00bb _builder_version=\u00a0\u00bb4.16&Prime; text_font=\u00a0\u00bbRoboto||||\u00a0\u00bb text_text_color=\u00a0\u00bbrgba(26,26,26,0.73)\u00a0\u00bb text_font_size=\u00a0\u00bb23px\u00a0\u00bb text_line_height=\u00a0\u00bb1.4em\u00a0\u00bb animation_style=\u00a0\u00bbslide\u00a0\u00bb animation_direction=\u00a0\u00bbtop\u00a0\u00bb animation_intensity_slide=\u00a0\u00bb10%\u00a0\u00bb global_colors_info=\u00a0\u00bb{}\u00a0\u00bb]<\/p>\n<p style=\"text-align: right;\"><span>Quoiqu&rsquo;en en vacances, il y a aussi des activit\u00e9s \u00e0 pratiquer ou des festivals \u00e0 d\u00e9couvrir !\u00a0<\/span><\/p>\n<p>[\/et_pb_text][et_pb_divider divider_position=\u00a0\u00bbcenter\u00a0\u00bb divider_weight=\u00a0\u00bb3px\u00a0\u00bb disabled_on=\u00a0\u00bboff|off|off\u00a0\u00bb _builder_version=\u00a0\u00bb4.16&Prime; max_width=\u00a0\u00bb50%\u00a0\u00bb height=\u00a0\u00bbfalse\u00a0\u00bb animation_style=\u00a0\u00bbslide\u00a0\u00bb animation_direction=\u00a0\u00bbtop\u00a0\u00bb animation_delay=\u00a0\u00bb100ms\u00a0\u00bb animation_intensity_slide=\u00a0\u00bb10%\u00a0\u00bb global_colors_info=\u00a0\u00bb{}\u00a0\u00bb][\/et_pb_divider][et_pb_text admin_label=\u00a0\u00bbDiscover Beatuty Text\u00a0\u00bb _builder_version=\u00a0\u00bb4.16&Prime; text_font=\u00a0\u00bbRoboto||||\u00a0\u00bb text_font_size=\u00a0\u00bb16px\u00a0\u00bb text_line_height=\u00a0\u00bb1.9em\u00a0\u00bb custom_padding=\u00a0\u00bb30px|||\u00a0\u00bb animation_style=\u00a0\u00bbslide\u00a0\u00bb animation_direction=\u00a0\u00bbtop\u00a0\u00bb animation_delay=\u00a0\u00bb200ms\u00a0\u00bb animation_intensity_slide=\u00a0\u00bb10%\u00a0\u00bb global_colors_info=\u00a0\u00bb{}\u00a0\u00bb]<\/p>\n<p>La petite bourgade de Rignac dispose d&rsquo;une offre compl\u00e8te de services, commerces et loisirs. Bar ou restaurant, coiffeur, \u00e9picerie, boulangerie ou supermarch\u00e9&#8230;sont \u00e0 proximit\u00e9, pour profiter pleinement de vos vacances, sans perte de temps pour trouver le n\u00e9cessaire. De plus, tout est accessible \u00e0 pied, facilement.<br \/> Il y a aussi un march\u00e9, belle occasion de d\u00e9couvrir les produits locaux.<br \/> L&rsquo;\u00e9t\u00e9 et ses longues soir\u00e9es permettent de profiter des nombreuses f\u00eates votives qui ont lieu les week-ends, tour \u00e0 tour dans les villages \u00e0 proximit\u00e9. Celle de Rignac est au d\u00e9but du mois d&rsquo;Ao\u00fbt. D&rsquo;autres animations sont \u00e9galement programm\u00e9es, consultez l&rsquo;<a href=\"https:\/\/www.tourisme-pays-rignacois.com\/\">Agenda de l&rsquo;Office de Tourisme du Pays rignacois.<\/a><\/p>\n<p>[\/et_pb_text][et_pb_button button_url=\u00a0\u00bbhttp:\/\/www.tourisme-pays-rignacois.com\u00a0\u00bb url_new_window=\u00a0\u00bbon\u00a0\u00bb button_text=\u00a0\u00bbVoir le site du Pays Rignacois\u00a0\u00bb _builder_version=\u00a0\u00bb4.27.5&Prime; global_colors_info=\u00a0\u00bb{}\u00a0\u00bb][\/et_pb_button][et_pb_text _builder_version=\u00a0\u00bb4.25.1&Prime; text_font=\u00a0\u00bb||||||||\u00a0\u00bb text_font_size=\u00a0\u00bb13px\u00a0\u00bb global_colors_info=\u00a0\u00bb{}\u00a0\u00bb]Ne manquez pas l&rsquo;opportunit\u00e9 de visiter le Conservatoire du Ch\u00e2taigner \u00e0 Rignac, situ\u00e9 \u00e0 quelques kilom\u00e8tres du camping. &#x1f342;<br \/>\nC&rsquo;est un v\u00e9ritable tr\u00e9sor naturel d\u00e9di\u00e9 \u00e0 la pr\u00e9servation et \u00e0 la valorisation de ce noble arbre, symbole de notre r\u00e9gion.  Une belle occasion de se connecter \u00e0 la nature. &#x1f330;[\/et_pb_text][\/et_pb_column][et_pb_column type=\u00a0\u00bb1_2&Prime; _builder_version=\u00a0\u00bb4.16&Prime; custom_padding=\u00a0\u00bb|||\u00a0\u00bb global_colors_info=\u00a0\u00bb{}\u00a0\u00bb custom_padding__hover=\u00a0\u00bb|||\u00a0\u00bb][et_pb_code _builder_version=\u00a0\u00bb4.19.5&Prime; _module_preset=\u00a0\u00bbdefault\u00a0\u00bb custom_margin=\u00a0\u00bb0px||||false|false\u00a0\u00bb custom_padding=\u00a0\u00bb0px||||false|false\u00a0\u00bb global_colors_info=\u00a0\u00bb{}\u00a0\u00bb]<iframe loading=\"lazy\" src=\"https:\/\/player.vimeo.com\/video\/872566279?h=326cceb6af&#038;title=0&#038;byline=0&#038;portrait=0\" width=\"640\" height=\"360\" frameborder=\"0\" allow=\"autoplay; fullscreen; picture-in-picture\" allowfullscreen><\/iframe><!-- [et_pb_line_break_holder] --><pee><a href=\"https:\/\/vimeo.com\/872566279\">Office du Tourisme du Pays Rignacois<\/a> de <a href=\"https:\/\/vimeo.com\/ochoequis\">Ocho Equis<\/a> on <a href=\"https:\/\/vimeo.com\">Vimeo<\/a>.<\/pee>[\/et_pb_code][et_pb_image src=\u00a0\u00bbhttps:\/\/www.campinglapeyrade.fr\/wp-content\/uploads\/2018\/12\/rignac-1.jpg\u00a0\u00bb force_fullwidth=\u00a0\u00bbon\u00a0\u00bb align_tablet=\u00a0\u00bbcenter\u00a0\u00bb align_phone=\u00a0\u00bb\u00a0\u00bb align_last_edited=\u00a0\u00bbon|desktop\u00a0\u00bb disabled_on=\u00a0\u00bboff|off|off\u00a0\u00bb _builder_version=\u00a0\u00bb4.19.5&Prime; custom_margin=\u00a0\u00bb||||false|false\u00a0\u00bb animation_style=\u00a0\u00bbfold\u00a0\u00bb animation_direction=\u00a0\u00bbright\u00a0\u00bb animation_intensity_fold=\u00a0\u00bb20%\u00a0\u00bb animation=\u00a0\u00bbfade_in\u00a0\u00bb global_colors_info=\u00a0\u00bb{}\u00a0\u00bb][\/et_pb_image][\/et_pb_column][\/et_pb_row][\/et_pb_section][et_pb_section fb_built=\u00a0\u00bb1&Prime; prev_background_color=\u00a0\u00bb#ffffff\u00a0\u00bb module_id=\u00a0\u00bbaveyron\u00a0\u00bb _builder_version=\u00a0\u00bb4.16&Prime; background_color=\u00a0\u00bb#9cc94e\u00a0\u00bb custom_padding=\u00a0\u00bb54px|0px|0|0px|false|false\u00a0\u00bb top_divider_style=\u00a0\u00bbwave2&Prime; top_divider_flip=\u00a0\u00bbhorizontal\u00a0\u00bb global_colors_info=\u00a0\u00bb{}\u00a0\u00bb][et_pb_row _builder_version=\u00a0\u00bb4.16&Prime; custom_padding=\u00a0\u00bb27px|0px|0|0px|false|false\u00a0\u00bb global_colors_info=\u00a0\u00bb{}\u00a0\u00bb][et_pb_column type=\u00a0\u00bb4_4&Prime; _builder_version=\u00a0\u00bb4.16&Prime; custom_padding=\u00a0\u00bb|||\u00a0\u00bb global_colors_info=\u00a0\u00bb{}\u00a0\u00bb custom_padding__hover=\u00a0\u00bb|||\u00a0\u00bb][et_pb_text admin_label=\u00a0\u00bbDiscover Beatuty Title\u00a0\u00bb _builder_version=\u00a0\u00bb4.27.5&Prime; text_font=\u00a0\u00bb||||\u00a0\u00bb text_text_color=\u00a0\u00bb#1a1a1a\u00a0\u00bb header_font=\u00a0\u00bbOswald|on||on|\u00a0\u00bb header_text_align=\u00a0\u00bbright\u00a0\u00bb header_text_color=\u00a0\u00bb#ffffff\u00a0\u00bb header_font_size=\u00a0\u00bb60px\u00a0\u00bb header_line_height=\u00a0\u00bb1.3em\u00a0\u00bb header_2_font=\u00a0\u00bbOswald|on||on|\u00a0\u00bb header_2_text_align=\u00a0\u00bbright\u00a0\u00bb header_2_text_color=\u00a0\u00bb#ffffff\u00a0\u00bb header_2_font_size=\u00a0\u00bb60px\u00a0\u00bb header_2_line_height=\u00a0\u00bb1.3em\u00a0\u00bb custom_margin=\u00a0\u00bb50px||\u00a0\u00bb animation_style=\u00a0\u00bbslide\u00a0\u00bb animation_direction=\u00a0\u00bbtop\u00a0\u00bb animation_intensity_slide=\u00a0\u00bb10%\u00a0\u00bb global_colors_info=\u00a0\u00bb{}\u00a0\u00bb]<\/p>\n<h2 style=\"text-align: left;\">QUELQUES ID\u00c9ES POUR DES VISITES DE L&rsquo;AVEYRON<\/h2>\n<p>[\/et_pb_text][et_pb_divider color=\u00a0\u00bb#ffffff\u00a0\u00bb divider_position=\u00a0\u00bbcenter\u00a0\u00bb divider_weight=\u00a0\u00bb3px\u00a0\u00bb disabled_on=\u00a0\u00bboff|off|off\u00a0\u00bb _builder_version=\u00a0\u00bb4.16&Prime; max_width=\u00a0\u00bb50%\u00a0\u00bb module_alignment=\u00a0\u00bbleft\u00a0\u00bb height=\u00a0\u00bbfalse\u00a0\u00bb animation_style=\u00a0\u00bbslide\u00a0\u00bb animation_direction=\u00a0\u00bbtop\u00a0\u00bb animation_delay=\u00a0\u00bb100ms\u00a0\u00bb animation_intensity_slide=\u00a0\u00bb10%\u00a0\u00bb global_colors_info=\u00a0\u00bb{}\u00a0\u00bb][\/et_pb_divider][et_pb_text admin_label=\u00a0\u00bbDiscover Beatuty Text\u00a0\u00bb _builder_version=\u00a0\u00bb4.16&Prime; text_font=\u00a0\u00bbRoboto||||\u00a0\u00bb text_text_color=\u00a0\u00bb#ffffff\u00a0\u00bb text_font_size=\u00a0\u00bb16px\u00a0\u00bb text_line_height=\u00a0\u00bb1.9em\u00a0\u00bb custom_padding=\u00a0\u00bb0px|||\u00a0\u00bb animation_style=\u00a0\u00bbslide\u00a0\u00bb animation_direction=\u00a0\u00bbtop\u00a0\u00bb animation_delay=\u00a0\u00bb200ms\u00a0\u00bb animation_intensity_slide=\u00a0\u00bb10%\u00a0\u00bb global_colors_info=\u00a0\u00bb{}\u00a0\u00bb]<\/p>\n<p itemprop=\"description\">RIGNAC occupe une situation centrale dans l&rsquo;Aveyron, entre Rodez et Villefranche-de-Rouergue, sur un axe Est -Ouest, et Decazeville et Millau sur un axe Nord-Sud, laissant ainsi le choix de nombreuses d\u00e9couvertes touristiques dans une r\u00e9gion aux paysages naturels vari\u00e9s.<\/p>\n<p>&nbsp;<\/p>\n<p>[\/et_pb_text][\/et_pb_column][\/et_pb_row][\/et_pb_section][et_pb_section fb_built=\u00a0\u00bb1&Prime; use_custom_gutter=\u00a0\u00bbon\u00a0\u00bb gutter_width=\u00a0\u00bb1&Prime; specialty=\u00a0\u00bbon\u00a0\u00bb prev_background_color=\u00a0\u00bb#9cc94e\u00a0\u00bb module_class_3=\u00a0\u00bbds-vertical-align\u00a0\u00bb module_id=\u00a0\u00bbproxi\u00a0\u00bb _builder_version=\u00a0\u00bb4.16&Prime; inner_width=\u00a0\u00bb100%\u00a0\u00bb inner_max_width=\u00a0\u00bb100%\u00a0\u00bb custom_padding=\u00a0\u00bb0|0px|54px|0px|false|false\u00a0\u00bb top_divider_style=\u00a0\u00bbwave2&Prime; use_custom_width=\u00a0\u00bbon\u00a0\u00bb width_unit=\u00a0\u00bboff\u00a0\u00bb custom_width_percent=\u00a0\u00bb100%\u00a0\u00bb global_colors_info=\u00a0\u00bb{}\u00a0\u00bb][et_pb_column type=\u00a0\u00bb1_2&Prime; specialty_columns=\u00a0\u00bb2&Prime; _builder_version=\u00a0\u00bb4.16&Prime; custom_padding=\u00a0\u00bb|||\u00a0\u00bb global_colors_info=\u00a0\u00bb{}\u00a0\u00bb parallax__hover=\u00a0\u00bboff\u00a0\u00bb parallax_method__hover=\u00a0\u00bbon\u00a0\u00bb custom_padding__hover=\u00a0\u00bb|||\u00a0\u00bb][et_pb_row_inner column_structure=\u00a0\u00bb1_2,1_2&Prime; use_custom_gutter=\u00a0\u00bbon\u00a0\u00bb gutter_width=\u00a0\u00bb1&Prime; _builder_version=\u00a0\u00bb4.16&Prime; global_colors_info=\u00a0\u00bb{}\u00a0\u00bb][et_pb_column_inner type=\u00a0\u00bb1_2&Prime; saved_specialty_column_type=\u00a0\u00bb1_2&Prime; _builder_version=\u00a0\u00bb4.16&Prime; custom_padding=\u00a0\u00bb|||\u00a0\u00bb global_colors_info=\u00a0\u00bb{}\u00a0\u00bb parallax__hover=\u00a0\u00bboff\u00a0\u00bb parallax_method__hover=\u00a0\u00bbon\u00a0\u00bb custom_padding__hover=\u00a0\u00bb|||\u00a0\u00bb][et_pb_code _builder_version=\u00a0\u00bb4.16&Prime; custom_css_main_element=\u00a0\u00bbz-index:999;||position:relative;\u00a0\u00bb global_colors_info=\u00a0\u00bb{}\u00a0\u00bb]<\/p>\n<figure class=\"snip1521\"><!-- [et_pb_line_break_holder] -->  <img decoding=\"async\" src=\"https:\/\/www.campinglapeyrade.fr\/wp-content\/uploads\/2018\/12\/mirabel.jpg\" alt=\"sample43\" \/><!-- [et_pb_line_break_holder] --><figcaption><!-- [et_pb_line_break_holder] -->    <\/p>\n<h3 class=\"title\">SITE DE MIRABEL<\/h3>\n<p><!-- [et_pb_line_break_holder] -->    <\/p>\n<h3 class=\"hover\">SITE DE MIRABEL<\/h3>\n<p><!-- [et_pb_line_break_holder] -->  <\/figcaption><!-- [et_pb_line_break_holder] --><\/figure>\n<p>[\/et_pb_code][et_pb_text disabled_on=\u00a0\u00bboff|on|on\u00a0\u00bb module_class=\u00a0\u00bbds-vertical-align\u00a0\u00bb _builder_version=\u00a0\u00bb4.16&Prime; text_font=\u00a0\u00bb||||||||\u00a0\u00bb text_font_size=\u00a0\u00bb13px\u00a0\u00bb header_4_font=\u00a0\u00bb||||||||\u00a0\u00bb header_4_font_size=\u00a0\u00bb17px\u00a0\u00bb custom_margin=\u00a0\u00bb|||-31px\u00a0\u00bb custom_padding=\u00a0\u00bb0%|10%|0%|10%|true|true\u00a0\u00bb custom_css_main_element=\u00a0\u00bbz-index:0;||min-height:256px;\u00a0\u00bb global_colors_info=\u00a0\u00bb{}\u00a0\u00bb]<\/p>\n<h4><span>Un tr\u00e8s beau point de vue \u00e0 5 km<\/span><\/h4>\n<p><span>Situ\u00e9 sur la commune de Rignac, le hameau de Mirabel domine la vall\u00e9e de l&rsquo;Aveyron, travers\u00e9 par le c\u00e9l\u00e8bre circuit de randonn\u00e9e GR62B, le sentier ethnobotanique en\u00a0\u00ab Al travers \u00bb et le sentier de la R\u00e9sistance. Non loin de l\u00e0 : Visite du Conservatoire du ch\u00e2taignier.<\/span><\/p>\n<p>[\/et_pb_text][et_pb_code _builder_version=\u00a0\u00bb4.16&Prime; custom_css_main_element=\u00a0\u00bbz-index:999;||position:relative;\u00a0\u00bb global_colors_info=\u00a0\u00bb{}\u00a0\u00bb]<\/p>\n<figure class=\"snip1521\"><!-- [et_pb_line_break_holder] -->  <img decoding=\"async\" src=\"https:\/\/www.campinglapeyrade.fr\/wp-content\/uploads\/2018\/12\/B2.jpg\" alt=\"sample43\" \/><!-- [et_pb_line_break_holder] --><figcaption><!-- [et_pb_line_break_holder] -->    <\/p>\n<h3 class=\"title\"><!\u2013- [et_pb_br_holder] -\u2013>bournazel<\/h3>\n<p><!-- [et_pb_line_break_holder] -->    <\/p>\n<h3 class=\"hover\">bournazel<\/h3>\n<p><!-- [et_pb_line_break_holder] -->  <\/figcaption><!-- [et_pb_line_break_holder] --><\/figure>\n<p>[\/et_pb_code][et_pb_text disabled_on=\u00a0\u00bboff|on|on\u00a0\u00bb module_class=\u00a0\u00bbds-vertical-align\u00a0\u00bb _builder_version=\u00a0\u00bb4.16&Prime; text_font=\u00a0\u00bb||||||||\u00a0\u00bb text_font_size=\u00a0\u00bb13px\u00a0\u00bb header_4_font=\u00a0\u00bb||||||||\u00a0\u00bb header_4_font_size=\u00a0\u00bb17px\u00a0\u00bb custom_margin=\u00a0\u00bb|||-31px\u00a0\u00bb custom_padding=\u00a0\u00bb0%|10%|0%|10%|true|true\u00a0\u00bb custom_css_main_element=\u00a0\u00bbz-index:0;||min-height:256px;\u00a0\u00bb global_colors_info=\u00a0\u00bb{}\u00a0\u00bb]<\/p>\n<h4>\u00c0 7 km<\/h4>\n<p>Son ch\u00e2teau Renaissance parmi les plus beaux du Sud-Ouest, avec une restauration bien avanc\u00e9e, Peyrusse-le-Roc et ses vestiges moyen\u00e2geux, la Vall\u00e9e du Lot, Conques et son Abbatiale, \u00e9tape c\u00e9l\u00e8bre du chemin qu&#8217;empruntent les p\u00e8lerins de St Jacques de Compostelle.<\/p>\n<p>[\/et_pb_text][et_pb_code _builder_version=\u00a0\u00bb4.16&Prime; custom_css_main_element=\u00a0\u00bbz-index:999;||position:relative;\u00a0\u00bb global_colors_info=\u00a0\u00bb{}\u00a0\u00bb]<\/p>\n<figure class=\"snip1521\"><!-- [et_pb_line_break_holder] -->  <img decoding=\"async\" src=\"https:\/\/www.campinglapeyrade.fr\/wp-content\/uploads\/2018\/12\/pradinas.jpg\" alt=\"sample43\" \/><!-- [et_pb_line_break_holder] --><figcaption><!-- [et_pb_line_break_holder] -->    <\/p>\n<h3 class=\"title\">PARC ANIMALIER DE PRADINAS<\/h3>\n<p><!-- [et_pb_line_break_holder] -->    <\/p>\n<h3 class=\"hover\">PARC ANIMALIER DE PRADINAS<\/h3>\n<p><!-- [et_pb_line_break_holder] -->  <\/figcaption><!-- [et_pb_line_break_holder] --><\/figure>\n<p>[\/et_pb_code][et_pb_text disabled_on=\u00a0\u00bboff|on|on\u00a0\u00bb module_class=\u00a0\u00bbds-vertical-align\u00a0\u00bb _builder_version=\u00a0\u00bb4.16&Prime; text_font=\u00a0\u00bb||||||||\u00a0\u00bb text_font_size=\u00a0\u00bb13px\u00a0\u00bb header_4_font=\u00a0\u00bb||||||||\u00a0\u00bb header_4_font_size=\u00a0\u00bb17px\u00a0\u00bb custom_margin=\u00a0\u00bb|||-31px\u00a0\u00bb custom_padding=\u00a0\u00bb0%|10%|0%|10%|true|true\u00a0\u00bb custom_css_main_element=\u00a0\u00bbz-index:0;||min-height:256px;\u00a0\u00bb global_colors_info=\u00a0\u00bb{}\u00a0\u00bb]<\/p>\n<h4>\u00c0<span>\u00a026 km<\/span><\/h4>\n<p>Une belle promenade dans un parc vallonn\u00e9 de 20 hectares, o\u00f9 vous d\u00e9couvrez les animaux stars de cin\u00e9ma (ours, loups, fauconnerie, environ 200 animaux), \u00e0 Pradinas.<\/p>\n<p>[\/et_pb_text][et_pb_code _builder_version=\u00a0\u00bb4.16&Prime; custom_css_main_element=\u00a0\u00bbz-index:999;||position:relative;\u00a0\u00bb global_colors_info=\u00a0\u00bb{}\u00a0\u00bb]<\/p>\n<figure class=\"snip1521\"><!-- [et_pb_line_break_holder] -->  <img decoding=\"async\" src=\"https:\/\/www.campinglapeyrade.fr\/wp-content\/uploads\/2018\/12\/sauveterre.jpg\" alt=\"sample43\" \/><!-- [et_pb_line_break_holder] --><figcaption><!-- [et_pb_line_break_holder] -->    <\/p>\n<h3 class=\"title\">SAUVETERRE DE ROUERGUE<\/h3>\n<p><!-- [et_pb_line_break_holder] -->    <\/p>\n<h3 class=\"hover\">SAUVETERRE DE ROUERGUE<\/h3>\n<p><!-- [et_pb_line_break_holder] -->  <\/figcaption><!-- [et_pb_line_break_holder] --><\/figure>\n<p>[\/et_pb_code][et_pb_text disabled_on=\u00a0\u00bboff|on|on\u00a0\u00bb module_class=\u00a0\u00bbds-vertical-align\u00a0\u00bb _builder_version=\u00a0\u00bb4.16&Prime; text_font=\u00a0\u00bb||||||||\u00a0\u00bb text_font_size=\u00a0\u00bb13px\u00a0\u00bb header_4_font=\u00a0\u00bb||||||||\u00a0\u00bb header_4_font_size=\u00a0\u00bb17px\u00a0\u00bb custom_margin=\u00a0\u00bb|||-31px\u00a0\u00bb custom_padding=\u00a0\u00bb0%|10%|0%|10%|true|true\u00a0\u00bb custom_css_main_element=\u00a0\u00bbz-index:0;||min-height:256px;\u00a0\u00bb global_colors_info=\u00a0\u00bb{}\u00a0\u00bb]<\/p>\n<h4>\u00c0<span>\u00a029 km<\/span><\/h4>\n<p>Pour une belle \u00e9tape dans une bastide m\u00e9di\u00e9vale et son artisanat local (la coutellerie).<\/p>\n<p>[\/et_pb_text][et_pb_code _builder_version=\u00a0\u00bb4.16&Prime; custom_css_main_element=\u00a0\u00bbz-index:999;||position:relative;\u00a0\u00bb global_colors_info=\u00a0\u00bb{}\u00a0\u00bb]<\/p>\n<figure class=\"snip1521\"><!-- [et_pb_line_break_holder] -->  <img decoding=\"async\" src=\"https:\/\/www.campinglapeyrade.fr\/wp-content\/uploads\/2018\/12\/foissac.jpg\" alt=\"sample43\" \/><!-- [et_pb_line_break_holder] --><figcaption><!-- [et_pb_line_break_holder] -->    <\/p>\n<h3 class=\"title\">grotte de foissac<\/h3>\n<p><!-- [et_pb_line_break_holder] -->    <\/p>\n<h3 class=\"hover\">grotte de foissac<\/h3>\n<p><!-- [et_pb_line_break_holder] -->  <\/figcaption><!-- [et_pb_line_break_holder] --><\/figure>\n<p>[\/et_pb_code][et_pb_text disabled_on=\u00a0\u00bboff|on|on\u00a0\u00bb module_class=\u00a0\u00bbds-vertical-align\u00a0\u00bb _builder_version=\u00a0\u00bb4.16&Prime; text_font=\u00a0\u00bb||||||||\u00a0\u00bb text_font_size=\u00a0\u00bb13px\u00a0\u00bb header_4_font=\u00a0\u00bb||||||||\u00a0\u00bb header_4_font_size=\u00a0\u00bb17px\u00a0\u00bb custom_margin=\u00a0\u00bb|||-31px\u00a0\u00bb custom_padding=\u00a0\u00bb0%|10%|0%|10%|true|true\u00a0\u00bb custom_css_main_element=\u00a0\u00bbz-index:0;||min-height:256px;\u00a0\u00bb global_colors_info=\u00a0\u00bb{}\u00a0\u00bb]<\/p>\n<h4>\u00c0<span>\u00a033 km<\/span><\/h4>\n<p>Une grotte et un parc pr\u00e9historiques. Le site est class\u00e9 Monument historique.<\/p>\n<p>[\/et_pb_text][et_pb_code _builder_version=\u00a0\u00bb4.16&Prime; custom_css_main_element=\u00a0\u00bbz-index:999;||position:relative;\u00a0\u00bb global_colors_info=\u00a0\u00bb{}\u00a0\u00bb]<\/p>\n<figure class=\"snip1521\"><!-- [et_pb_line_break_holder] -->  <img decoding=\"async\" src=\"https:\/\/www.campinglapeyrade.fr\/wp-content\/uploads\/2018\/12\/najac.jpg\" alt=\"sample43\" \/><!-- [et_pb_line_break_holder] --><figcaption><!-- [et_pb_line_break_holder] -->    <\/p>\n<h3 class=\"title\"><!\u2013- [et_pb_br_holder] -\u2013>najac<\/h3>\n<p><!-- [et_pb_line_break_holder] -->    <\/p>\n<h3 class=\"hover\"><!\u2013- [et_pb_br_holder] -\u2013>najac<\/h3>\n<p><!-- [et_pb_line_break_holder] -->  <\/figcaption><!-- [et_pb_line_break_holder] --><\/figure>\n<p>[\/et_pb_code][et_pb_text disabled_on=\u00a0\u00bboff|on|on\u00a0\u00bb module_class=\u00a0\u00bbds-vertical-align\u00a0\u00bb _builder_version=\u00a0\u00bb4.16&Prime; text_font=\u00a0\u00bb||||||||\u00a0\u00bb text_font_size=\u00a0\u00bb13px\u00a0\u00bb header_4_font=\u00a0\u00bb||||||||\u00a0\u00bb header_4_font_size=\u00a0\u00bb17px\u00a0\u00bb custom_margin=\u00a0\u00bb|||-31px\u00a0\u00bb custom_padding=\u00a0\u00bb0%|10%|0%|10%|true|true\u00a0\u00bb custom_css_main_element=\u00a0\u00bbz-index:0;||min-height:256px;\u00a0\u00bb global_colors_info=\u00a0\u00bb{}\u00a0\u00bb]<\/p>\n<h4>\u00c0<span>\u00a052 km<\/span><\/h4>\n<p>Une citadelle verte entour\u00e9e de for\u00eats, offrant ainsi un paysage exceptionnel aux amoureux de la nature. Le village s&rsquo;\u00e9tire en grimpant entre les deux tours.<\/p>\n<p>[\/et_pb_text][\/et_pb_column_inner][et_pb_column_inner type=\u00a0\u00bb1_2&Prime; saved_specialty_column_type=\u00a0\u00bb1_2&Prime; module_class=\u00a0\u00bbds-vertic\u00a0\u00bb _builder_version=\u00a0\u00bb4.16&Prime; custom_padding=\u00a0\u00bb|||\u00a0\u00bb global_colors_info=\u00a0\u00bb{}\u00a0\u00bb parallax__hover=\u00a0\u00bboff\u00a0\u00bb parallax_method__hover=\u00a0\u00bbon\u00a0\u00bb module_class__hover=\u00a0\u00bbds-vertic\u00a0\u00bb custom_padding__hover=\u00a0\u00bb|||\u00a0\u00bb][et_pb_text disabled_on=\u00a0\u00bbon|off|off\u00a0\u00bb module_class=\u00a0\u00bbds-vertical-align\u00a0\u00bb _builder_version=\u00a0\u00bb4.16&Prime; text_font=\u00a0\u00bb||||||||\u00a0\u00bb text_font_size=\u00a0\u00bb13px\u00a0\u00bb header_4_font=\u00a0\u00bb||||||||\u00a0\u00bb header_4_font_size=\u00a0\u00bb17px\u00a0\u00bb custom_margin=\u00a0\u00bb|||-31px\u00a0\u00bb custom_padding=\u00a0\u00bb0%|10%|0%|10%|true|true\u00a0\u00bb custom_css_main_element=\u00a0\u00bbz-index:0;||min-height:256px;\u00a0\u00bb global_colors_info=\u00a0\u00bb{}\u00a0\u00bb]<\/p>\n<h4><span>Un tr\u00e8s beau point de vue \u00e0 5 km<\/span><\/h4>\n<p><span>Situ\u00e9 sur la commune de Rignac, le hameau de Mirabel domine la vall\u00e9e de l&rsquo;Aveyron, travers\u00e9 par le c\u00e9l\u00e8bre circuit de randonn\u00e9e GR62B, le sentier ethnobotanique en\u00a0\u00ab Al travers \u00bb et le sentier de la R\u00e9sistance. Non loin de l\u00e0 : Visite du Conservatoire du ch\u00e2taignier.<\/span><\/p>\n<p>[\/et_pb_text][et_pb_text disabled_on=\u00a0\u00bbon|off|off\u00a0\u00bb module_class=\u00a0\u00bbds-vertical-align\u00a0\u00bb _builder_version=\u00a0\u00bb4.16&Prime; text_font=\u00a0\u00bb||||||||\u00a0\u00bb text_font_size=\u00a0\u00bb13px\u00a0\u00bb header_4_font=\u00a0\u00bb||||||||\u00a0\u00bb header_4_font_size=\u00a0\u00bb17px\u00a0\u00bb custom_margin=\u00a0\u00bb|||-31px\u00a0\u00bb custom_padding=\u00a0\u00bb0%|10%|0%|10%|true|true\u00a0\u00bb custom_css_main_element=\u00a0\u00bbz-index:0;||min-height:256px;\u00a0\u00bb global_colors_info=\u00a0\u00bb{}\u00a0\u00bb]<\/p>\n<h4>\u00c0 7 km<\/h4>\n<p>Son ch\u00e2teau Renaissance parmi les plus beaux du Sud-Ouest, avec une restauration bien avanc\u00e9e, Peyrusse-le-Roc et ses vestiges moyen\u00e2geux, la Vall\u00e9e du Lot, Conques et son Abbatiale, \u00e9tape c\u00e9l\u00e8bre du chemin qu&#8217;empruntent les p\u00e8lerins de St Jacques de Compostelle.<\/p>\n<p>[\/et_pb_text][et_pb_text disabled_on=\u00a0\u00bbon|off|off\u00a0\u00bb module_class=\u00a0\u00bbds-vertical-align\u00a0\u00bb _builder_version=\u00a0\u00bb4.16&Prime; text_font=\u00a0\u00bb||||||||\u00a0\u00bb text_font_size=\u00a0\u00bb13px\u00a0\u00bb header_4_font=\u00a0\u00bb||||||||\u00a0\u00bb header_4_font_size=\u00a0\u00bb17px\u00a0\u00bb custom_margin=\u00a0\u00bb|||-31px\u00a0\u00bb custom_padding=\u00a0\u00bb0%|10%|0%|10%|true|true\u00a0\u00bb custom_css_main_element=\u00a0\u00bbz-index:0;||min-height:256px;\u00a0\u00bb global_colors_info=\u00a0\u00bb{}\u00a0\u00bb]<\/p>\n<h4>\u00c0<span>\u00a026 km<\/span><\/h4>\n<p>Une belle promenade dans un parc vallonn\u00e9 de 20 hectares, o\u00f9 vous d\u00e9couvrez les animaux stars de cin\u00e9ma (ours, loups, fauconnerie, environ 200 animaux), \u00e0 Pradinas.<\/p>\n<p>[\/et_pb_text][et_pb_text disabled_on=\u00a0\u00bbon|off|off\u00a0\u00bb module_class=\u00a0\u00bbds-vertical-align\u00a0\u00bb _builder_version=\u00a0\u00bb4.16&Prime; text_font=\u00a0\u00bb||||||||\u00a0\u00bb text_font_size=\u00a0\u00bb13px\u00a0\u00bb header_4_font=\u00a0\u00bb||||||||\u00a0\u00bb header_4_font_size=\u00a0\u00bb17px\u00a0\u00bb custom_margin=\u00a0\u00bb|||-31px\u00a0\u00bb custom_padding=\u00a0\u00bb0%|10%|0%|10%|true|true\u00a0\u00bb custom_css_main_element=\u00a0\u00bbz-index:0;||min-height:256px;\u00a0\u00bb global_colors_info=\u00a0\u00bb{}\u00a0\u00bb]<\/p>\n<h4>\u00c0<span>\u00a029 km<\/span><\/h4>\n<p>Pour une belle \u00e9tape dans une bastide m\u00e9di\u00e9vale et son artisanat local (la coutellerie).<\/p>\n<p>[\/et_pb_text][et_pb_text disabled_on=\u00a0\u00bbon|off|off\u00a0\u00bb module_class=\u00a0\u00bbds-vertical-align\u00a0\u00bb _builder_version=\u00a0\u00bb4.16&Prime; text_font=\u00a0\u00bb||||||||\u00a0\u00bb text_font_size=\u00a0\u00bb13px\u00a0\u00bb header_4_font=\u00a0\u00bb||||||||\u00a0\u00bb header_4_font_size=\u00a0\u00bb17px\u00a0\u00bb custom_margin=\u00a0\u00bb|||-31px\u00a0\u00bb custom_padding=\u00a0\u00bb0%|10%|0%|10%|true|true\u00a0\u00bb custom_css_main_element=\u00a0\u00bbz-index:0;||min-height:256px;\u00a0\u00bb global_colors_info=\u00a0\u00bb{}\u00a0\u00bb]<\/p>\n<h4>\u00c0<span>\u00a033 km<\/span><\/h4>\n<p>Une grotte et un parc pr\u00e9historiques. Le site est class\u00e9 Monument historique.<\/p>\n<p>[\/et_pb_text][et_pb_text disabled_on=\u00a0\u00bbon|off|off\u00a0\u00bb module_class=\u00a0\u00bbds-vertical-align\u00a0\u00bb _builder_version=\u00a0\u00bb4.16&Prime; text_font=\u00a0\u00bb||||||||\u00a0\u00bb text_font_size=\u00a0\u00bb13px\u00a0\u00bb header_4_font=\u00a0\u00bb||||||||\u00a0\u00bb header_4_font_size=\u00a0\u00bb17px\u00a0\u00bb custom_margin=\u00a0\u00bb|||-31px\u00a0\u00bb custom_padding=\u00a0\u00bb0%|10%|0%|10%|true|true\u00a0\u00bb custom_css_main_element=\u00a0\u00bbz-index:0;||min-height:256px;\u00a0\u00bb global_colors_info=\u00a0\u00bb{}\u00a0\u00bb]<\/p>\n<h4>\u00c0<span>\u00a052 km<\/span><\/h4>\n<p>Une citadelle verte entour\u00e9e de for\u00eats, offrant ainsi un paysage exceptionnel aux amoureux de la nature. Le village s&rsquo;\u00e9tire en grimpant entre les deux tours.<\/p>\n<p>[\/et_pb_text][\/et_pb_column_inner][\/et_pb_row_inner][\/et_pb_column][et_pb_column type=\u00a0\u00bb1_4&Prime; _builder_version=\u00a0\u00bb4.16&Prime; custom_padding=\u00a0\u00bb|||\u00a0\u00bb global_colors_info=\u00a0\u00bb{}\u00a0\u00bb parallax__hover=\u00a0\u00bboff\u00a0\u00bb parallax_method__hover=\u00a0\u00bbon\u00a0\u00bb custom_padding__hover=\u00a0\u00bb|||\u00a0\u00bb][et_pb_code _builder_version=\u00a0\u00bb4.16&Prime; custom_css_main_element=\u00a0\u00bbz-index:999;||position:relative;\u00a0\u00bb global_colors_info=\u00a0\u00bb{}\u00a0\u00bb]<\/p>\n<figure class=\"snip1521\"><!-- [et_pb_line_break_holder] -->  <img decoding=\"async\" src=\"https:\/\/www.campinglapeyrade.fr\/wp-content\/uploads\/2018\/12\/belcastel.jpg\" alt=\"sample43\" \/><!-- [et_pb_line_break_holder] --><figcaption><!-- [et_pb_line_break_holder] -->    <\/p>\n<h3 class=\"title\">Village de BELCASTEL<\/h3>\n<p><!-- [et_pb_line_break_holder] -->    <\/p>\n<h3 class=\"hover\">Village de BELCASTEL<\/h3>\n<p><!-- [et_pb_line_break_holder] -->  <\/figcaption><!-- [et_pb_line_break_holder] --><\/figure>\n<p>[\/et_pb_code][et_pb_text disabled_on=\u00a0\u00bboff|on|on\u00a0\u00bb module_class=\u00a0\u00bbds-vertical-align\u00a0\u00bb _builder_version=\u00a0\u00bb4.16&Prime; text_font=\u00a0\u00bb||||||||\u00a0\u00bb text_font_size=\u00a0\u00bb13px\u00a0\u00bb header_4_font=\u00a0\u00bb||||||||\u00a0\u00bb header_4_font_size=\u00a0\u00bb17px\u00a0\u00bb custom_margin=\u00a0\u00bb|||-31px\u00a0\u00bb custom_padding=\u00a0\u00bb0%|10%|0%|10%|true|true\u00a0\u00bb custom_css_main_element=\u00a0\u00bbz-index:0;||min-height:256px;\u00a0\u00bb global_colors_info=\u00a0\u00bb{}\u00a0\u00bb]<\/p>\n<h4>\u00c0<span> 8 km<\/span><\/h4>\n<p>Ce village au bord de l\u2019Aveyron est class\u00e9 parmi les plus beaux villages de France, il y a aussi le Ch\u00e2teau du XV\u00e8me si\u00e8cle et la Maison de la Forge.<br \/> Vous aurez aussi la possibilit\u00e9 d&rsquo;aller au march\u00e9 nocturne tous les vendredis en juillet-ao\u00fbt.<\/p>\n<p>[\/et_pb_text][et_pb_code _builder_version=\u00a0\u00bb4.16&Prime; custom_css_main_element=\u00a0\u00bbz-index:999;||position:relative;\u00a0\u00bb global_colors_info=\u00a0\u00bb{}\u00a0\u00bb]<\/p>\n<figure class=\"snip1521\"><!-- [et_pb_line_break_holder] -->  <img decoding=\"async\" src=\"https:\/\/www.campinglapeyrade.fr\/wp-content\/uploads\/2018\/12\/cransac.jpg\" alt=\"sample43\" \/><!-- [et_pb_line_break_holder] --><figcaption><!-- [et_pb_line_break_holder] -->    <\/p>\n<h3 class=\"title\">LES THERMES DE CRANSAC<\/h3>\n<p><!-- [et_pb_line_break_holder] -->    <\/p>\n<h3 class=\"hover\">LES THERMES DE CRANSAC<\/h3>\n<p><!-- [et_pb_line_break_holder] -->  <\/figcaption><!-- [et_pb_line_break_holder] --><\/figure>\n<p>[\/et_pb_code][et_pb_text disabled_on=\u00a0\u00bboff|on|on\u00a0\u00bb module_class=\u00a0\u00bbds-vertical-align\u00a0\u00bb _builder_version=\u00a0\u00bb4.16&Prime; text_font=\u00a0\u00bb||||||||\u00a0\u00bb text_font_size=\u00a0\u00bb13px\u00a0\u00bb header_4_font=\u00a0\u00bb||||||||\u00a0\u00bb header_4_font_size=\u00a0\u00bb17px\u00a0\u00bb custom_margin=\u00a0\u00bb|||-31px\u00a0\u00bb custom_padding=\u00a0\u00bb0%|10%|0%|10%|true|true\u00a0\u00bb custom_css_main_element=\u00a0\u00bbz-index:0;||min-height:256px;\u00a0\u00bb global_colors_info=\u00a0\u00bb{}\u00a0\u00bb]<\/p>\n<h4>\u00c0<span>\u00a018 km<\/span><\/h4>\n<p>Vous d\u00e9couvrirez \u00e0 Cransac un thermalisme unique en Europe avec ses gaz naturels. Cette station dans l\u2019Aveyron est sp\u00e9cialis\u00e9e pour l\u2019arthrose cervicale, les cervicalgies, la lombalgie, mal de dos, la fibromyalgie\u2026 L&rsquo;\u00e9tablissement des Thermes de Cransac fait partie du groupe Cha\u00eene Thermale du Soleil, num\u00e9ro 1 du thermalisme en France.<\/p>\n<p>[\/et_pb_text][et_pb_code _builder_version=\u00a0\u00bb4.16&Prime; custom_css_main_element=\u00a0\u00bbz-index:999;||position:relative;\u00a0\u00bb global_colors_info=\u00a0\u00bb{}\u00a0\u00bb]<\/p>\n<figure class=\"snip1521\"><!-- [et_pb_line_break_holder] -->  <img decoding=\"async\" src=\"https:\/\/www.campinglapeyrade.fr\/wp-content\/uploads\/2018\/12\/rodez.jpg\" alt=\"sample43\" \/><!-- [et_pb_line_break_holder] --><figcaption><!-- [et_pb_line_break_holder] -->    <\/p>\n<h3 class=\"title\">ville de <!\u2013- [et_pb_br_holder] -\u2013>rodez<\/h3>\n<p><!-- [et_pb_line_break_holder] -->    <\/p>\n<h3 class=\"hover\">ville de <!\u2013- [et_pb_br_holder] -\u2013>rodez<\/h3>\n<p><!-- [et_pb_line_break_holder] -->  <\/figcaption><!-- [et_pb_line_break_holder] --><\/figure>\n<p>[\/et_pb_code][et_pb_text disabled_on=\u00a0\u00bboff|on|on\u00a0\u00bb module_class=\u00a0\u00bbds-vertical-align\u00a0\u00bb _builder_version=\u00a0\u00bb4.16&Prime; text_font=\u00a0\u00bb||||||||\u00a0\u00bb text_font_size=\u00a0\u00bb13px\u00a0\u00bb header_4_font=\u00a0\u00bb||||||||\u00a0\u00bb header_4_font_size=\u00a0\u00bb17px\u00a0\u00bb custom_margin=\u00a0\u00bb|||-31px\u00a0\u00bb custom_padding=\u00a0\u00bb0%|10%|0%|10%|true|true\u00a0\u00bb custom_css_main_element=\u00a0\u00bbz-index:0;||min-height:256px;\u00a0\u00bb global_colors_info=\u00a0\u00bb{}\u00a0\u00bb]<\/p>\n<h4>\u00c0<span>\u00a027 km<\/span><\/h4>\n<p><span>Un parmi les \u00ab Grands sites de Midi-Pyr\u00e9n\u00e9es \u00bb, ou \u00ab Pays d&rsquo;art et d\u2019histoire \u00bb, sa cath\u00e9drale, le mus\u00e9e Soulages, voil\u00e0 Rodez<\/span><a href=\"http:\/\/www.tourisme.myrodez.fr\/\" target=\"_blank\" dir=\"ltr\" title=\"Rodez au coeur de l'Aveyron\" rel=\"noopener noreferrer\"><strong><\/strong><\/a><span>, cit\u00e9 historique et commer\u00e7ante.<\/span><\/p>\n<p>[\/et_pb_text][et_pb_code _builder_version=\u00a0\u00bb4.16&Prime; custom_css_main_element=\u00a0\u00bbz-index:999;||position:relative;\u00a0\u00bb global_colors_info=\u00a0\u00bb{}\u00a0\u00bb]<\/p>\n<figure class=\"snip1521\"><!-- [et_pb_line_break_holder] -->  <img decoding=\"async\" src=\"https:\/\/www.campinglapeyrade.fr\/wp-content\/uploads\/2018\/12\/6_villefranche_mairie.jpg\" alt=\"sample43\" \/><!-- [et_pb_line_break_holder] --><figcaption><!-- [et_pb_line_break_holder] -->    <\/p>\n<h3 class=\"title\">villefranche de rouergue<\/h3>\n<p><!-- [et_pb_line_break_holder] -->    <\/p>\n<h3 class=\"hover\">villefranche de rouergue<\/h3>\n<p><!-- [et_pb_line_break_holder] -->  <\/figcaption><!-- [et_pb_line_break_holder] --><\/figure>\n<p>[\/et_pb_code][et_pb_text disabled_on=\u00a0\u00bboff|on|on\u00a0\u00bb module_class=\u00a0\u00bbds-vertical-align\u00a0\u00bb _builder_version=\u00a0\u00bb4.16&Prime; text_font=\u00a0\u00bb||||||||\u00a0\u00bb text_font_size=\u00a0\u00bb13px\u00a0\u00bb header_4_font=\u00a0\u00bb||||||||\u00a0\u00bb header_4_font_size=\u00a0\u00bb17px\u00a0\u00bb custom_margin=\u00a0\u00bb|||-31px\u00a0\u00bb custom_padding=\u00a0\u00bb0%|10%|0%|10%|true|true\u00a0\u00bb custom_css_main_element=\u00a0\u00bbz-index:0;||min-height:256px;\u00a0\u00bb global_colors_info=\u00a0\u00bb{}\u00a0\u00bb]<\/p>\n<h4>\u00c0<span>\u00a031 km<\/span><\/h4>\n<p>Superbe bastide m\u00e9di\u00e9vale, avec ses ruelles historiques, mus\u00e9es, sa place \u00e0 arcades et la majestueuse Coll\u00e9giale Notre Dame&#8230; ainsi que son c\u00e9l\u00e8bre march\u00e9 color\u00e9 du jeudi matin.<\/p>\n<p>[\/et_pb_text][et_pb_code _builder_version=\u00a0\u00bb4.16&Prime; custom_css_main_element=\u00a0\u00bbz-index:999;||position:relative;\u00a0\u00bb global_colors_info=\u00a0\u00bb{}\u00a0\u00bb]<\/p>\n<figure class=\"snip1521\"><!-- [et_pb_line_break_holder] -->  <img decoding=\"async\" src=\"https:\/\/www.campinglapeyrade.fr\/wp-content\/uploads\/2018\/12\/conques-2-1.jpg\" alt=\"sample43\" \/><!-- [et_pb_line_break_holder] --><figcaption><!-- [et_pb_line_break_holder] -->    <\/p>\n<h3 class=\"title\"><!\u2013- [et_pb_br_holder] -\u2013>conques<\/h3>\n<p><!-- [et_pb_line_break_holder] -->    <\/p>\n<h3 class=\"hover\"><!\u2013- [et_pb_br_holder] -\u2013>conques<\/h3>\n<p><!-- [et_pb_line_break_holder] -->  <\/figcaption><!-- [et_pb_line_break_holder] --><\/figure>\n<p>[\/et_pb_code][et_pb_text disabled_on=\u00a0\u00bboff|on|on\u00a0\u00bb module_class=\u00a0\u00bbds-vertical-align\u00a0\u00bb _builder_version=\u00a0\u00bb4.16&Prime; text_font=\u00a0\u00bb||||||||\u00a0\u00bb text_font_size=\u00a0\u00bb13px\u00a0\u00bb header_4_font=\u00a0\u00bb||||||||\u00a0\u00bb header_4_font_size=\u00a0\u00bb17px\u00a0\u00bb custom_margin=\u00a0\u00bb0px|||-31px\u00a0\u00bb custom_padding=\u00a0\u00bb0%|10%|0%|10%|true|true\u00a0\u00bb custom_css_main_element=\u00a0\u00bbz-index:0;||min-height:256px;||\u00a0\u00bb global_colors_info=\u00a0\u00bb{}\u00a0\u00bb]<\/p>\n<h4>\u00c0<span>\u00a036 km<\/span><\/h4>\n<p>Class\u00e9 parmi Les Plus Beaux Villages de France, sur le chemin de Saint Jacques de Compostelle, d\u00e9couvrez l\u2019abbatiale m\u00e9di\u00e9vale avec ses vitraux de Soulages et surtout son c\u00e9l\u00e8bre tympan du Jugement Dernier au c\u0153ur d\u2019un village pr\u00e9serv\u00e9.<\/p>\n<p>[\/et_pb_text][et_pb_code _builder_version=\u00a0\u00bb4.16&Prime; custom_css_main_element=\u00a0\u00bbz-index:999;||position:relative;\u00a0\u00bb global_colors_info=\u00a0\u00bb{}\u00a0\u00bb]<\/p>\n<figure class=\"snip1521\"><!-- [et_pb_line_break_holder] -->  <img decoding=\"async\" src=\"https:\/\/www.campinglapeyrade.fr\/wp-content\/uploads\/2018\/12\/millau.jpg\" alt=\"sample43\" \/><!-- [et_pb_line_break_holder] --><figcaption><!-- [et_pb_line_break_holder] -->    <\/p>\n<h3 class=\"title\">viaduc de millau<\/h3>\n<p><!-- [et_pb_line_break_holder] -->    <\/p>\n<h3 class=\"hover\">viaduc de millau<\/h3>\n<p><!-- [et_pb_line_break_holder] -->  <\/figcaption><!-- [et_pb_line_break_holder] --><\/figure>\n<p>[\/et_pb_code][et_pb_text disabled_on=\u00a0\u00bboff|on|on\u00a0\u00bb module_class=\u00a0\u00bbds-vertical-align\u00a0\u00bb _builder_version=\u00a0\u00bb4.16&Prime; text_font=\u00a0\u00bb||||||||\u00a0\u00bb text_font_size=\u00a0\u00bb13px\u00a0\u00bb header_4_font=\u00a0\u00bb||||||||\u00a0\u00bb header_4_font_size=\u00a0\u00bb17px\u00a0\u00bb custom_margin=\u00a0\u00bb|||-31px\u00a0\u00bb custom_padding=\u00a0\u00bb0%|10%|0%|10%|true|true\u00a0\u00bb custom_css_main_element=\u00a0\u00bbz-index:0;||min-height:256px;\u00a0\u00bb global_colors_info=\u00a0\u00bb{}\u00a0\u00bb]<\/p>\n<h4>\u00c0<span>\u00a088 km<\/span><\/h4>\n<p><span>Cet ouvrage exceptionnel faisant partie int\u00e9grante de notre patrimoine relie deux plateaux, en traversant le Larzac pour arriver \u00e0 la M\u00e9diterran\u00e9e et domine Millau, la cit\u00e9 des gants\u2026 Sur le L\u00e9v\u00e9zou, avant le viaduc vous trouverez, le parc MICROPOLIS<\/span><span>, la cit\u00e9 des insectes.<\/span><\/p>\n<p>[\/et_pb_text][\/et_pb_column][et_pb_column type=\u00a0\u00bb1_4&Prime; module_class=\u00a0\u00bbds-vertical-align\u00a0\u00bb _builder_version=\u00a0\u00bb4.16&Prime; custom_padding=\u00a0\u00bb|||\u00a0\u00bb global_colors_info=\u00a0\u00bb{}\u00a0\u00bb parallax__hover=\u00a0\u00bboff\u00a0\u00bb parallax_method__hover=\u00a0\u00bbon\u00a0\u00bb module_class__hover=\u00a0\u00bbds-vertical-align\u00a0\u00bb custom_padding__hover=\u00a0\u00bb|||\u00a0\u00bb][et_pb_text disabled_on=\u00a0\u00bbon|off|off\u00a0\u00bb module_class=\u00a0\u00bbds-vertical-align\u00a0\u00bb _builder_version=\u00a0\u00bb4.16&Prime; text_font=\u00a0\u00bb||||||||\u00a0\u00bb text_font_size=\u00a0\u00bb13px\u00a0\u00bb header_4_font=\u00a0\u00bb||||||||\u00a0\u00bb header_4_font_size=\u00a0\u00bb17px\u00a0\u00bb custom_margin=\u00a0\u00bb|||-31px\u00a0\u00bb custom_padding=\u00a0\u00bb0%|10%|0%|10%|true|true\u00a0\u00bb custom_css_main_element=\u00a0\u00bbz-index:0;||min-height:256px;\u00a0\u00bb global_colors_info=\u00a0\u00bb{}\u00a0\u00bb]<\/p>\n<h4>\u00c0<span> 8 km<\/span><\/h4>\n<p>Ce village au bord de l\u2019Aveyron est class\u00e9 parmi les plus beaux villages de France, il y a aussi le Ch\u00e2teau du XV\u00e8me si\u00e8cle et la Maison de la Forge.<br \/> Vous aurez aussi la possibilit\u00e9 d&rsquo;aller au march\u00e9 nocturne tous les vendredis en juillet-ao\u00fbt.<\/p>\n<p>[\/et_pb_text][et_pb_text disabled_on=\u00a0\u00bbon|off|off\u00a0\u00bb module_class=\u00a0\u00bbds-vertical-align\u00a0\u00bb _builder_version=\u00a0\u00bb4.16&Prime; text_font=\u00a0\u00bb||||||||\u00a0\u00bb text_font_size=\u00a0\u00bb13px\u00a0\u00bb header_4_font=\u00a0\u00bb||||||||\u00a0\u00bb header_4_font_size=\u00a0\u00bb17px\u00a0\u00bb custom_margin=\u00a0\u00bb|||-31px\u00a0\u00bb custom_padding=\u00a0\u00bb0%|10%|0%|10%|true|true\u00a0\u00bb custom_css_main_element=\u00a0\u00bbz-index:0;||min-height:256px;\u00a0\u00bb global_colors_info=\u00a0\u00bb{}\u00a0\u00bb]<\/p>\n<h4>\u00c0<span>\u00a018 km<\/span><\/h4>\n<p>Vous d\u00e9couvrirez \u00e0 Cransac un thermalisme unique en Europe avec ses gaz naturels. Cette station dans l\u2019Aveyron est sp\u00e9cialis\u00e9e pour l\u2019arthrose cervicale, les cervicalgies, la lombalgie, mal de dos, la fibromyalgie\u2026 L&rsquo;\u00e9tablissement des Thermes de Cransac fait partie du groupe Cha\u00eene Thermale du Soleil, num\u00e9ro 1 du thermalisme en France.<\/p>\n<p>[\/et_pb_text][et_pb_text disabled_on=\u00a0\u00bbon|off|off\u00a0\u00bb module_class=\u00a0\u00bbds-vertical-align\u00a0\u00bb _builder_version=\u00a0\u00bb4.16&Prime; text_font=\u00a0\u00bb||||||||\u00a0\u00bb text_font_size=\u00a0\u00bb13px\u00a0\u00bb header_4_font=\u00a0\u00bb||||||||\u00a0\u00bb header_4_font_size=\u00a0\u00bb17px\u00a0\u00bb custom_margin=\u00a0\u00bb|||-31px\u00a0\u00bb custom_padding=\u00a0\u00bb0%|10%|0%|10%|true|true\u00a0\u00bb custom_css_main_element=\u00a0\u00bbz-index:0;||min-height:256px;\u00a0\u00bb global_colors_info=\u00a0\u00bb{}\u00a0\u00bb]<\/p>\n<h4>\u00c0<span>\u00a027 km<\/span><\/h4>\n<p><span>Un parmi les \u00ab Grands sites de Midi-Pyr\u00e9n\u00e9es \u00bb, ou \u00ab Pays d&rsquo;art et d\u2019histoire \u00bb, sa cath\u00e9drale, le mus\u00e9e Soulages, voil\u00e0 Rodez<\/span><a href=\"http:\/\/www.tourisme.myrodez.fr\/\" target=\"_blank\" dir=\"ltr\" title=\"Rodez au coeur de l'Aveyron\" rel=\"noopener noreferrer\"><strong><\/strong><\/a><span>, cit\u00e9 historique et commer\u00e7ante.<\/span><\/p>\n<p>[\/et_pb_text][et_pb_text disabled_on=\u00a0\u00bbon|off|off\u00a0\u00bb module_class=\u00a0\u00bbds-vertical-align\u00a0\u00bb _builder_version=\u00a0\u00bb4.16&Prime; text_font=\u00a0\u00bb||||||||\u00a0\u00bb text_font_size=\u00a0\u00bb13px\u00a0\u00bb header_4_font=\u00a0\u00bb||||||||\u00a0\u00bb header_4_font_size=\u00a0\u00bb17px\u00a0\u00bb custom_margin=\u00a0\u00bb|||-31px\u00a0\u00bb custom_padding=\u00a0\u00bb0%|10%|0%|10%|true|true\u00a0\u00bb custom_css_main_element=\u00a0\u00bbz-index:0;||min-height:256px;\u00a0\u00bb global_colors_info=\u00a0\u00bb{}\u00a0\u00bb]<\/p>\n<h4>\u00c0<span>\u00a031 km<\/span><\/h4>\n<p>Superbe bastide m\u00e9di\u00e9vale, avec ses ruelles historiques, mus\u00e9es, sa place \u00e0 arcades et la majestueuse Coll\u00e9giale Notre Dame&#8230; ainsi que son c\u00e9l\u00e8bre march\u00e9 color\u00e9 du jeudi matin.<\/p>\n<p>[\/et_pb_text][et_pb_text disabled_on=\u00a0\u00bbon|off|off\u00a0\u00bb module_class=\u00a0\u00bbds-vertical-align\u00a0\u00bb _builder_version=\u00a0\u00bb4.16&Prime; text_font=\u00a0\u00bb||||||||\u00a0\u00bb text_font_size=\u00a0\u00bb13px\u00a0\u00bb header_4_font=\u00a0\u00bb||||||||\u00a0\u00bb header_4_font_size=\u00a0\u00bb17px\u00a0\u00bb custom_margin=\u00a0\u00bb0px|||-31px\u00a0\u00bb custom_padding=\u00a0\u00bb0%|10%|0%|10%|true|true\u00a0\u00bb custom_css_main_element=\u00a0\u00bbz-index:0;||min-height:256px;||\u00a0\u00bb global_colors_info=\u00a0\u00bb{}\u00a0\u00bb]<\/p>\n<h4>\u00c0<span>\u00a036 km<\/span><\/h4>\n<p>Class\u00e9 parmi Les Plus Beaux Villages de France, sur le chemin de Saint Jacques de Compostelle, d\u00e9couvrez l\u2019abbatiale m\u00e9di\u00e9vale avec ses vitraux de Soulages et surtout son c\u00e9l\u00e8bre tympan du Jugement Dernier au c\u0153ur d\u2019un village pr\u00e9serv\u00e9.<\/p>\n<p>[\/et_pb_text][et_pb_text disabled_on=\u00a0\u00bbon|off|off\u00a0\u00bb module_class=\u00a0\u00bbds-vertical-align\u00a0\u00bb _builder_version=\u00a0\u00bb4.16&Prime; text_font=\u00a0\u00bb||||||||\u00a0\u00bb text_font_size=\u00a0\u00bb13px\u00a0\u00bb header_4_font=\u00a0\u00bb||||||||\u00a0\u00bb header_4_font_size=\u00a0\u00bb17px\u00a0\u00bb custom_margin=\u00a0\u00bb|||-31px\u00a0\u00bb custom_padding=\u00a0\u00bb0%|10%|0%|10%|true|true\u00a0\u00bb custom_css_main_element=\u00a0\u00bbz-index:0;||min-height:256px;\u00a0\u00bb global_colors_info=\u00a0\u00bb{}\u00a0\u00bb]<\/p>\n<h4>\u00c0<span>\u00a088 km<\/span><\/h4>\n<p><span>Cet ouvrage exceptionnel faisant partie int\u00e9grante de notre patrimoine relie deux plateaux, en traversant le Larzac pour arriver \u00e0 la M\u00e9diterran\u00e9e et domine Millau, la cit\u00e9 des gants\u2026 Sur le L\u00e9v\u00e9zou, avant le viaduc vous trouverez, le parc MICROPOLIS<\/span><span>, la cit\u00e9 des insectes.<\/span><\/p>\n<p>[\/et_pb_text][\/et_pb_column][\/et_pb_section][et_pb_section fb_built=\u00a0\u00bb1&Prime; module_id=\u00a0\u00bbalentours\u00a0\u00bb _builder_version=\u00a0\u00bb4.16&Prime; background_color=\u00a0\u00bb#f4f4f4&Prime; custom_padding=\u00a0\u00bb0||90px||false|false\u00a0\u00bb global_colors_info=\u00a0\u00bb{}\u00a0\u00bb][et_pb_row column_structure=\u00a0\u00bb1_2,1_2&Prime; make_equal=\u00a0\u00bbon\u00a0\u00bb _builder_version=\u00a0\u00bb4.16&Prime; custom_padding=\u00a0\u00bb27px|0px|27px|0|false|false\u00a0\u00bb global_colors_info=\u00a0\u00bb{}\u00a0\u00bb][et_pb_column type=\u00a0\u00bb1_2&Prime; _builder_version=\u00a0\u00bb4.16&Prime; custom_padding=\u00a0\u00bb|||\u00a0\u00bb global_colors_info=\u00a0\u00bb{}\u00a0\u00bb custom_padding__hover=\u00a0\u00bb|||\u00a0\u00bb][et_pb_text admin_label=\u00a0\u00bbTop Destination Title\u00a0\u00bb _builder_version=\u00a0\u00bb4.27.5&Prime; text_font=\u00a0\u00bb||||\u00a0\u00bb text_text_color=\u00a0\u00bb#1a1a1a\u00a0\u00bb header_font=\u00a0\u00bbOswald|on||on|\u00a0\u00bb header_text_align=\u00a0\u00bbleft\u00a0\u00bb header_text_color=\u00a0\u00bb#9cc94e\u00a0\u00bb header_font_size=\u00a0\u00bb60px\u00a0\u00bb header_line_height=\u00a0\u00bb1.3em\u00a0\u00bb header_2_font=\u00a0\u00bbOswald|on||on|\u00a0\u00bb header_2_text_align=\u00a0\u00bbleft\u00a0\u00bb header_2_text_color=\u00a0\u00bb#9cc94e\u00a0\u00bb header_2_font_size=\u00a0\u00bb60px\u00a0\u00bb header_2_line_height=\u00a0\u00bb1.3em\u00a0\u00bb custom_margin=\u00a0\u00bb|||\u00a0\u00bb custom_padding=\u00a0\u00bb|||\u00a0\u00bb animation_style=\u00a0\u00bbslide\u00a0\u00bb animation_direction=\u00a0\u00bbtop\u00a0\u00bb animation_intensity_slide=\u00a0\u00bb10%\u00a0\u00bb locked=\u00a0\u00bboff\u00a0\u00bb global_colors_info=\u00a0\u00bb{}\u00a0\u00bb]<\/p>\n<h2>aux alentours<\/h2>\n<p>[\/et_pb_text][et_pb_divider color=\u00a0\u00bb#97c942&Prime; divider_position=\u00a0\u00bbcenter\u00a0\u00bb divider_weight=\u00a0\u00bb3px\u00a0\u00bb disabled_on=\u00a0\u00bboff|off|off\u00a0\u00bb _builder_version=\u00a0\u00bb4.16&Prime; max_width=\u00a0\u00bb250px\u00a0\u00bb height=\u00a0\u00bbfalse\u00a0\u00bb animation_style=\u00a0\u00bbslide\u00a0\u00bb animation_direction=\u00a0\u00bbtop\u00a0\u00bb animation_delay=\u00a0\u00bb100ms\u00a0\u00bb animation_intensity_slide=\u00a0\u00bb10%\u00a0\u00bb locked=\u00a0\u00bboff\u00a0\u00bb global_colors_info=\u00a0\u00bb{}\u00a0\u00bb][\/et_pb_divider][et_pb_text admin_label=\u00a0\u00bbDiscover Beatuty Text\u00a0\u00bb _builder_version=\u00a0\u00bb4.16&Prime; text_font=\u00a0\u00bbRoboto||||\u00a0\u00bb text_font_size=\u00a0\u00bb16px\u00a0\u00bb text_line_height=\u00a0\u00bb1.9em\u00a0\u00bb custom_padding=\u00a0\u00bb30px|||\u00a0\u00bb animation_style=\u00a0\u00bbslide\u00a0\u00bb animation_direction=\u00a0\u00bbtop\u00a0\u00bb animation_delay=\u00a0\u00bb200ms\u00a0\u00bb animation_intensity_slide=\u00a0\u00bb10%\u00a0\u00bb global_colors_info=\u00a0\u00bb{}\u00a0\u00bb]<\/p>\n<p><span>Afin d\u2019organiser votre s\u00e9jour, vous pouvez consulter les sites d\u2019offices du tourisme Aveyronnais. Notre r\u00e9gion regorge de tr\u00e9sors touristiques !<br \/> Le plateau de l\u2019Aubrac\u00a0avec ses paysages de montagne, ses f\u00eates traditionnelles comme la transhumance.<br \/> Le Causse\u00a0situ\u00e9 entre les vall\u00e9es du Lot et de l\u2019Aveyron avec le site g\u00e9ologique du Trou de Bozouls, ses villages typiques aux maisons en pierre calcaire.<br \/> La Vall\u00e9e du Lot\u00a0avec ses villages class\u00e9s parmi les plus beaux villages de France\u00a0: Estaing, Saint-C\u00f4me d\u2019Olt et Sainte-Eulalie d\u2019Olt.<br \/> A d\u00e9couvrir \u00e9galement les villes d\u2019Espalion avec le mus\u00e9e du scaphandre, les mus\u00e9es du Rouergue et de Saint-Geniez d\u2019Olt avec le mus\u00e9e des traditions et savoirs faire d\u2019autrefois.<br \/> Les Gorges de la Truy\u00e8re \u2013 \u00a0le Carladez avec ses paysages naturels grandioses et ses villages d\u2019Entraygues et de Mur-de-Barrez.\u00a0<\/span><\/p>\n<p>[\/et_pb_text][\/et_pb_column][et_pb_column type=\u00a0\u00bb1_2&Prime; module_class=\u00a0\u00bbds-vertical-align\u00a0\u00bb _builder_version=\u00a0\u00bb4.16&Prime; custom_padding=\u00a0\u00bb|||\u00a0\u00bb global_colors_info=\u00a0\u00bb{}\u00a0\u00bb custom_padding__hover=\u00a0\u00bb|||\u00a0\u00bb][et_pb_image src=\u00a0\u00bbhttps:\/\/www.campinglapeyrade.fr\/wp-content\/uploads\/2018\/12\/mpacanoe_w2000.jpg\u00a0\u00bb align_tablet=\u00a0\u00bbcenter\u00a0\u00bb align_phone=\u00a0\u00bb\u00a0\u00bb align_last_edited=\u00a0\u00bbon|desktop\u00a0\u00bb _builder_version=\u00a0\u00bb4.16&Prime; animation_style=\u00a0\u00bbslide\u00a0\u00bb animation_direction=\u00a0\u00bbtop\u00a0\u00bb animation_intensity_slide=\u00a0\u00bb4%\u00a0\u00bb global_colors_info=\u00a0\u00bb{}\u00a0\u00bb][\/et_pb_image][et_pb_text admin_label=\u00a0\u00bbDiscover Beatuty Sub Title\u00a0\u00bb _builder_version=\u00a0\u00bb4.16&Prime; text_font=\u00a0\u00bbRoboto||||\u00a0\u00bb text_text_color=\u00a0\u00bbrgba(26,26,26,0.73)\u00a0\u00bb text_font_size=\u00a0\u00bb23px\u00a0\u00bb text_line_height=\u00a0\u00bb1.4em\u00a0\u00bb animation_style=\u00a0\u00bbslide\u00a0\u00bb animation_direction=\u00a0\u00bbtop\u00a0\u00bb animation_intensity_slide=\u00a0\u00bb10%\u00a0\u00bb global_colors_info=\u00a0\u00bb{}\u00a0\u00bb]<\/p>\n<p style=\"text-align: right;\"><time datetime=\"Mo-Su\" itemprop=\"openingHours\"><span>Les sports aquatiques tels que le cano\u00eb, le kayak ou le raft dans la vall\u00e9e du Lot ou de l&rsquo;Aveyron, \u00e0 voir sur le site web du tourisme.<\/span><\/time><\/p>\n<p>[\/et_pb_text][\/et_pb_column][\/et_pb_row][\/et_pb_section][et_pb_section fb_built=\u00a0\u00bb1&Prime; admin_label=\u00a0\u00bbLook Inside Section\u00a0\u00bb module_id=\u00a0\u00bbweekend\u00a0\u00bb _builder_version=\u00a0\u00bb4.16&Prime; background_image=\u00a0\u00bbhttps:\/\/www.campinglapeyrade.fr\/wp-content\/uploads\/2018\/12\/lot.jpg\u00a0\u00bb parallax=\u00a0\u00bbon\u00a0\u00bb parallax_method=\u00a0\u00bboff\u00a0\u00bb custom_padding=\u00a0\u00bb0px||0px|\u00a0\u00bb global_colors_info=\u00a0\u00bb{}\u00a0\u00bb][et_pb_row column_structure=\u00a0\u00bb1_3,2_3&Prime; use_custom_gutter=\u00a0\u00bbon\u00a0\u00bb gutter_width=\u00a0\u00bb1&Prime; make_equal=\u00a0\u00bbon\u00a0\u00bb module_class=\u00a0\u00bb et_pb_row_fullwidth\u00a0\u00bb _builder_version=\u00a0\u00bb4.16&Prime; width=\u00a0\u00bb100%\u00a0\u00bb width_tablet=\u00a0\u00bb100%\u00a0\u00bb width_phone=\u00a0\u00bb\u00a0\u00bb width_last_edited=\u00a0\u00bbon|desktop\u00a0\u00bb max_width=\u00a0\u00bb100%\u00a0\u00bb max_width_tablet=\u00a0\u00bb100%\u00a0\u00bb max_width_phone=\u00a0\u00bb\u00a0\u00bb max_width_last_edited=\u00a0\u00bbon|desktop\u00a0\u00bb custom_padding=\u00a0\u00bb0px||0||false|false\u00a0\u00bb make_fullwidth=\u00a0\u00bbon\u00a0\u00bb global_colors_info=\u00a0\u00bb{}\u00a0\u00bb][et_pb_column type=\u00a0\u00bb1_3&Prime; _builder_version=\u00a0\u00bb4.16&Prime; parallax=\u00a0\u00bbon\u00a0\u00bb custom_padding=\u00a0\u00bb|||\u00a0\u00bb global_colors_info=\u00a0\u00bb{}\u00a0\u00bb custom_padding__hover=\u00a0\u00bb|||\u00a0\u00bb][et_pb_image align_tablet=\u00a0\u00bbcenter\u00a0\u00bb align_phone=\u00a0\u00bb\u00a0\u00bb align_last_edited=\u00a0\u00bbon|desktop\u00a0\u00bb _builder_version=\u00a0\u00bb4.16&Prime; animation_style=\u00a0\u00bbslide\u00a0\u00bb animation_direction=\u00a0\u00bbleft\u00a0\u00bb animation_duration=\u00a0\u00bb500ms\u00a0\u00bb animation_intensity_slide=\u00a0\u00bb10%\u00a0\u00bb global_colors_info=\u00a0\u00bb{}\u00a0\u00bb][\/et_pb_image][\/et_pb_column][et_pb_column type=\u00a0\u00bb2_3&Prime; _builder_version=\u00a0\u00bb4.16&Prime; use_background_color_gradient=\u00a0\u00bbon\u00a0\u00bb background_color_gradient_stops=\u00a0\u00bb#ffffff 0%|rgba(255,255,255,0.85) 50%\u00a0\u00bb background_color_gradient_start=\u00a0\u00bb#ffffff\u00a0\u00bb background_color_gradient_end=\u00a0\u00bbrgba(255,255,255,0.85)\u00a0\u00bb background_color_gradient_end_position=\u00a0\u00bb50%\u00a0\u00bb custom_padding=\u00a0\u00bb8%|6%|6%|6%\u00a0\u00bb global_colors_info=\u00a0\u00bb{}\u00a0\u00bb custom_padding__hover=\u00a0\u00bb|||\u00a0\u00bb][et_pb_text admin_label=\u00a0\u00bbLook Inside Title\u00a0\u00bb _builder_version=\u00a0\u00bb4.27.5&Prime; text_font=\u00a0\u00bb||||\u00a0\u00bb text_text_color=\u00a0\u00bb#1a1a1a\u00a0\u00bb header_font=\u00a0\u00bbOswald|on||on|\u00a0\u00bb header_text_align=\u00a0\u00bbleft\u00a0\u00bb header_text_color=\u00a0\u00bb#9cc94e\u00a0\u00bb header_font_size=\u00a0\u00bb45px\u00a0\u00bb header_line_height=\u00a0\u00bb1.3em\u00a0\u00bb header_2_font=\u00a0\u00bbOswald|on||on|\u00a0\u00bb header_2_text_align=\u00a0\u00bbleft\u00a0\u00bb header_2_text_color=\u00a0\u00bb#9cc94e\u00a0\u00bb header_2_font_size=\u00a0\u00bb45px\u00a0\u00bb header_2_line_height=\u00a0\u00bb1.3em\u00a0\u00bb custom_margin=\u00a0\u00bb|||\u00a0\u00bb custom_padding=\u00a0\u00bb|||\u00a0\u00bb animation_style=\u00a0\u00bbslide\u00a0\u00bb animation_direction=\u00a0\u00bbtop\u00a0\u00bb animation_intensity_slide=\u00a0\u00bb10%\u00a0\u00bb locked=\u00a0\u00bboff\u00a0\u00bb global_colors_info=\u00a0\u00bb{}\u00a0\u00bb]<\/p>\n<h2>\u00c0 D\u00c9COUVRIR AUX PORTES DE L&rsquo;AVEYRON, LE D\u00c9PARTEMENT DU LOT<\/h2>\n<p>[\/et_pb_text][et_pb_divider divider_position=\u00a0\u00bbcenter\u00a0\u00bb divider_weight=\u00a0\u00bb3px\u00a0\u00bb disabled_on=\u00a0\u00bboff|off|off\u00a0\u00bb _builder_version=\u00a0\u00bb4.16&Prime; max_width=\u00a0\u00bb150px\u00a0\u00bb height=\u00a0\u00bbfalse\u00a0\u00bb custom_margin=\u00a0\u00bb30px|||\u00a0\u00bb animation_style=\u00a0\u00bbslide\u00a0\u00bb animation_direction=\u00a0\u00bbtop\u00a0\u00bb animation_delay=\u00a0\u00bb100ms\u00a0\u00bb animation_intensity_slide=\u00a0\u00bb10%\u00a0\u00bb locked=\u00a0\u00bboff\u00a0\u00bb global_colors_info=\u00a0\u00bb{}\u00a0\u00bb][\/et_pb_divider][et_pb_text admin_label=\u00a0\u00bbLook Inside Text\u00a0\u00bb _builder_version=\u00a0\u00bb4.16&Prime; text_font=\u00a0\u00bbRoboto||||\u00a0\u00bb text_font_size=\u00a0\u00bb16px\u00a0\u00bb text_line_height=\u00a0\u00bb1.9em\u00a0\u00bb custom_margin=\u00a0\u00bb30px|||\u00a0\u00bb custom_padding=\u00a0\u00bb||60px|\u00a0\u00bb animation_style=\u00a0\u00bbslide\u00a0\u00bb animation_direction=\u00a0\u00bbtop\u00a0\u00bb animation_delay=\u00a0\u00bb400ms\u00a0\u00bb animation_intensity_slide=\u00a0\u00bb4%\u00a0\u00bb locked=\u00a0\u00bboff\u00a0\u00bb global_colors_info=\u00a0\u00bb{}\u00a0\u00bb]<\/p>\n<p><span><strong>Capdenac-Le-Haut<\/strong> (\u00e0 35 km), ancienne forteresse gallo-romaine surplombant la vall\u00e9e du Lot.<br \/> <strong>Figeac<\/strong> (\u00e0 39 km), ville d&rsquo;art et d&rsquo;histoire avec ses maisons des marchands du Moyen-\u00c2ge, ses places marchandes, son mus\u00e9e Champollion.<br \/> <strong>Padirac<\/strong> (\u00e0 91 km) et son c\u00e9l\u00e8bre Gouffre qui offre une incroyable aventure souterraine.<br \/> <strong>Saint-Cirq Lapopie<\/strong> (\u00e0 63 km), village m\u00e9di\u00e9val accroch\u00e9 sur une falaise 100 m\u00e8tres au-dessus du Lot et class\u00e9 parmi les plus beaux villages de France.<br \/> <strong>Rocamadour<\/strong> (\u00e0 94 km) avec ses remparts, ses sanctuaires, son architecture rurale typique.<\/span><\/p>\n<p>[\/et_pb_text][\/et_pb_column][\/et_pb_row][\/et_pb_section][et_pb_section fb_built=\u00a0\u00bb1&Prime; module_id=\u00a0\u00bbsouvenir\u00a0\u00bb _builder_version=\u00a0\u00bb4.16&Prime; global_colors_info=\u00a0\u00bb{}\u00a0\u00bb][et_pb_row _builder_version=\u00a0\u00bb4.16&Prime; global_colors_info=\u00a0\u00bb{}\u00a0\u00bb][et_pb_column type=\u00a0\u00bb4_4&Prime; _builder_version=\u00a0\u00bb4.16&Prime; custom_padding=\u00a0\u00bb|||\u00a0\u00bb global_colors_info=\u00a0\u00bb{}\u00a0\u00bb custom_padding__hover=\u00a0\u00bb|||\u00a0\u00bb][et_pb_text _builder_version=\u00a0\u00bb4.16&Prime; header_3_font=\u00a0\u00bb||||||||\u00a0\u00bb header_3_text_align=\u00a0\u00bbcenter\u00a0\u00bb header_3_font_size=\u00a0\u00bb50px\u00a0\u00bb header_3_line_height=\u00a0\u00bb1.6em\u00a0\u00bb global_colors_info=\u00a0\u00bb{}\u00a0\u00bb]<\/p>\n<h3>Souvenirs et paysages d&rsquo;un espace de vacances o\u00f9 d\u00e9tente rime avec d\u00e9couverte<\/h3>\n<p>[\/et_pb_text][et_pb_divider divider_position=\u00a0\u00bbcenter\u00a0\u00bb divider_weight=\u00a0\u00bb3px\u00a0\u00bb disabled_on=\u00a0\u00bboff|off|off\u00a0\u00bb _builder_version=\u00a0\u00bb4.16&Prime; height=\u00a0\u00bbfalse\u00a0\u00bb animation_style=\u00a0\u00bbslide\u00a0\u00bb animation_direction=\u00a0\u00bbtop\u00a0\u00bb animation_delay=\u00a0\u00bb100ms\u00a0\u00bb animation_intensity_slide=\u00a0\u00bb10%\u00a0\u00bb global_colors_info=\u00a0\u00bb{}\u00a0\u00bb][\/et_pb_divider][\/et_pb_column][\/et_pb_row][et_pb_row _builder_version=\u00a0\u00bb4.16&Prime; width=\u00a0\u00bb100%\u00a0\u00bb max_width=\u00a0\u00bb100%\u00a0\u00bb use_custom_width=\u00a0\u00bbon\u00a0\u00bb width_unit=\u00a0\u00bboff\u00a0\u00bb custom_width_percent=\u00a0\u00bb100%\u00a0\u00bb global_colors_info=\u00a0\u00bb{}\u00a0\u00bb][et_pb_column type=\u00a0\u00bb4_4&Prime; _builder_version=\u00a0\u00bb4.16&Prime; custom_padding=\u00a0\u00bb|||\u00a0\u00bb global_colors_info=\u00a0\u00bb{}\u00a0\u00bb custom_padding__hover=\u00a0\u00bb|||\u00a0\u00bb][et_pb_code _builder_version=\u00a0\u00bb4.16&Prime; global_colors_info=\u00a0\u00bb{}\u00a0\u00bb]<div id=\"grid-gallery-1-8307\" data-gg-id=\"1\" data-title=\"Camping La Peyrade\" data-grid-type=\"2\" data-offset=\"5.3\" data-area-position=\"center\" data-icons=\"\" data-preloader=\"true\" data-width=\"auto\" data-height=\"200\" data-padding=\"0\" data-quicksand=\"disabled\" data-quicksand-duration=\"none\" data-popup-theme=\"theme_6\" data-popup-type=\"pretty-photo\" data-popup-image-text=\"data-caption\" data-popup-widthsize=\"auto\" data-popup-heightsize=\"auto\" data-popup-i18n-words=\"{&quot;close&quot;:&quot;fermer&quot;,&quot;next&quot;:&quot;suivant&quot;,&quot;previous&quot;:&quot;pr\\u00e9c\\u00e9dent&quot;,&quot;start_slideshow&quot;:&quot;d\\u00e9marrer le diaporama&quot;,&quot;stop_slideshow&quot;:&quot;arr\\u00e9ter le diaporama&quot;,&quot;image&quot;:&quot;image&quot;,&quot;of&quot;:&quot;de&quot;,&quot;prev&quot;:&quot;pr\\u00e9c.&quot;,&quot;cExpand&quot;:&quot;Agrandir&quot;,&quot;cPrevious&quot;:&quot;Pr\\u00e9c\\u00e9dent&quot;,&quot;cNext&quot;:&quot;Suivant&quot;,&quot;cExpandStr&quot;:&quot;Agrandir l&#039;image&quot;,&quot;cRotate&quot;:&quot;Pivoter&quot;,&quot;cDetails&quot;:&quot;Details&quot;}\" data-popup-slideshow=\"false\" data-popup-slideshow-speed=\"2500\" data-popup-hoverstop=\"true\" data-popup-slideshow-auto=\"false\" data-popup-background=\"\" data-popup-transparency=\"30\" data-popup-disable-history=\"\" data-popup-disable-changed-url=\"\" data-popup-border-type=\"solid\" data-popup-border-color=\"\" data-popup-border-width=\"\" data-popup-border-enable=\"\" data-fullscreen=\"true\" data-hide-tooltip=\"false\" data-caption-font-family=\"Default\" data-caption-text-size=\"140\" data-is-mobile=\"0\" data-caption-mobile=\"false\" data-hide-long-tltp-title=\"0\" data-caption-disabled-on-mobile=\"false\" data-popup-placement-type=\"0\" data-social-sharing=\"{&quot;enabled&quot;:&quot;&quot;,&quot;gallerySharing&quot;:{&quot;enabled&quot;:null,&quot;position&quot;:null},&quot;imageSharing&quot;:{&quot;enabled&quot;:null,&quot;wrapperClass&quot;:&quot; vertical &quot;},&quot;popupSharing&quot;:{&quot;enabled&quot;:null,&quot;wrapperClass&quot;:&quot; vertical &quot;}}\" class=\"grid-gallery grid-gallery-fixed \" style=\" width:100%; height:auto; margin-left:auto; margin-right:auto;position:relative;\"> <div class=\"gallery-loading\"> <div class=\"blocks\"> <div class=\"block\"><\/div> <div class=\"block\"><\/div> <div class=\"block\"><\/div> <div class=\"block\"><\/div> <\/div> <\/div> <div class=\"gallery-sharing-top\" style=\"display:none;\"> <\/div> <div id=\"photos-1\" class=\"grid-gallery-photos\"><FIGURE class=\"grid-gallery-caption\" data-grid-gallery-type=\"revolving-door-left\" data-index=\"0\" style=\"display:none;border-radius:00;; margin:2.65px; height:2000; width:auto;\" ><div class=\"crop\" style=\"\"><img decoding=\"async\" src=\"https:\/\/www.campinglapeyrade.fr\/wp-content\/uploads\/2018\/12\/DSCN3000-267x200.jpg\" class=\"ggImg ggNotInitImg\" alt=\"DSCN3000\" title=\"DSCN3000\" data-description=\"DSCN3000\" data-caption=\"DSCN3000\" data-title=\"DSCN3000\" style=\" height:200px; width:auto;\" \/><\/div><FIGCAPTION class=\"\" data-alpha=\"5\" style=\"color:#ffffff; background-color:#0a076d; font-size:140; text-align:left; font-family:Default;\" ><div class=\"grid-gallery-figcaption-wrap\" style=\"\"><\/div><\/FIGCAPTION><\/FIGURE><FIGURE class=\"grid-gallery-caption\" data-grid-gallery-type=\"revolving-door-left\" data-index=\"1\" style=\"display:none;border-radius:00;; margin:2.65px; height:2000; width:auto;\" ><div class=\"crop\" style=\"\"><img decoding=\"async\" src=\"https:\/\/www.campinglapeyrade.fr\/wp-content\/uploads\/2018\/12\/20180813_110944-267x200.jpg\" class=\"ggImg ggNotInitImg\" alt=\"20180813_110944\" title=\"20180813_110944\" data-description=\"20180813_110944\" data-caption=\"20180813_110944\" data-title=\"20180813_110944\" style=\" height:200px; width:auto;\" \/><\/div><FIGCAPTION class=\"\" data-alpha=\"5\" style=\"color:#ffffff; background-color:#0a076d; font-size:140; text-align:left; font-family:Default;\" ><div class=\"grid-gallery-figcaption-wrap\" style=\"\"><\/div><\/FIGCAPTION><\/FIGURE><FIGURE class=\"grid-gallery-caption\" data-grid-gallery-type=\"revolving-door-left\" data-index=\"2\" style=\"display:none;border-radius:00;; margin:2.65px; height:2000; width:auto;\" ><div class=\"crop\" style=\"\"><img decoding=\"async\" src=\"https:\/\/www.campinglapeyrade.fr\/wp-content\/uploads\/2018\/12\/WP_20180428_12_58_56_Pro-113x200.jpg\" class=\"ggImg ggNotInitImg\" alt=\"WP_20180428_12_58_56_Pro\" title=\"WP_20180428_12_58_56_Pro\" data-description=\"WP_20180428_12_58_56_Pro\" data-caption=\"WP_20180428_12_58_56_Pro\" data-title=\"WP_20180428_12_58_56_Pro\" style=\" height:200px; width:auto;\" \/><\/div><FIGCAPTION class=\"\" data-alpha=\"5\" style=\"color:#ffffff; background-color:#0a076d; font-size:140; text-align:left; font-family:Default;\" ><div class=\"grid-gallery-figcaption-wrap\" style=\"\"><\/div><\/FIGCAPTION><\/FIGURE><FIGURE class=\"grid-gallery-caption\" data-grid-gallery-type=\"revolving-door-left\" data-index=\"3\" style=\"display:none;border-radius:00;; margin:2.65px; height:2000; width:auto;\" ><div class=\"crop\" style=\"\"><img decoding=\"async\" src=\"https:\/\/www.campinglapeyrade.fr\/wp-content\/uploads\/2018\/12\/20180813_111107-267x200.jpg\" class=\"ggImg ggNotInitImg\" alt=\"20180813_111107\" title=\"20180813_111107\" data-description=\"20180813_111107\" data-caption=\"20180813_111107\" data-title=\"20180813_111107\" style=\" height:200px; width:auto;\" \/><\/div><FIGCAPTION class=\"\" data-alpha=\"5\" style=\"color:#ffffff; background-color:#0a076d; font-size:140; text-align:left; font-family:Default;\" ><div class=\"grid-gallery-figcaption-wrap\" style=\"\"><\/div><\/FIGCAPTION><\/FIGURE><FIGURE class=\"grid-gallery-caption\" data-grid-gallery-type=\"revolving-door-left\" data-index=\"4\" style=\"display:none;border-radius:00;; margin:2.65px; height:2000; width:auto;\" ><div class=\"crop\" style=\"\"><img decoding=\"async\" src=\"https:\/\/www.campinglapeyrade.fr\/wp-content\/uploads\/2018\/12\/20180813_111847-150x200.jpg\" class=\"ggImg ggNotInitImg\" alt=\"20180813_111847\" title=\"20180813_111847\" data-description=\"20180813_111847\" data-caption=\"20180813_111847\" data-title=\"20180813_111847\" style=\" height:200px; width:auto;\" \/><\/div><FIGCAPTION class=\"\" data-alpha=\"5\" style=\"color:#ffffff; background-color:#0a076d; font-size:140; text-align:left; font-family:Default;\" ><div class=\"grid-gallery-figcaption-wrap\" style=\"\"><\/div><\/FIGCAPTION><\/FIGURE><FIGURE class=\"grid-gallery-caption\" data-grid-gallery-type=\"revolving-door-left\" data-index=\"5\" style=\"display:none;border-radius:00;; margin:2.65px; height:2000; width:auto;\" ><div class=\"crop\" style=\"\"><img decoding=\"async\" src=\"https:\/\/www.campinglapeyrade.fr\/wp-content\/uploads\/2018\/12\/chien-267x200.jpg\" class=\"ggImg ggNotInitImg\" alt=\"chien\" title=\"chien\" data-description=\"chien\" data-caption=\"chien\" data-title=\"chien\" style=\" height:200px; width:auto;\" \/><\/div><FIGCAPTION class=\"\" data-alpha=\"5\" style=\"color:#ffffff; background-color:#0a076d; font-size:140; text-align:left; font-family:Default;\" ><div class=\"grid-gallery-figcaption-wrap\" style=\"\"><\/div><\/FIGCAPTION><\/FIGURE><FIGURE class=\"grid-gallery-caption\" data-grid-gallery-type=\"revolving-door-left\" data-index=\"6\" style=\"display:none;border-radius:00;; margin:2.65px; height:2000; width:auto;\" ><div class=\"crop\" style=\"\"><img decoding=\"async\" src=\"https:\/\/www.campinglapeyrade.fr\/wp-content\/uploads\/2018\/12\/conques-1-267x200.jpg\" class=\"ggImg ggNotInitImg\" alt=\"conques-1\" title=\"conques-1\" data-description=\"conques-1\" data-caption=\"conques-1\" data-title=\"conques-1\" style=\" height:200px; width:auto;\" \/><\/div><FIGCAPTION class=\"\" data-alpha=\"5\" style=\"color:#ffffff; background-color:#0a076d; font-size:140; text-align:left; font-family:Default;\" ><div class=\"grid-gallery-figcaption-wrap\" style=\"\"><\/div><\/FIGCAPTION><\/FIGURE><FIGURE class=\"grid-gallery-caption\" data-grid-gallery-type=\"revolving-door-left\" data-index=\"7\" style=\"display:none;border-radius:00;; margin:2.65px; height:2000; width:auto;\" ><div class=\"crop\" style=\"\"><img decoding=\"async\" src=\"https:\/\/www.campinglapeyrade.fr\/wp-content\/uploads\/2018\/12\/cransac-2-267x200.jpg\" class=\"ggImg ggNotInitImg\" alt=\"cransac-2\" title=\"cransac-2\" data-description=\"cransac-2\" data-caption=\"cransac-2\" data-title=\"cransac-2\" style=\" height:200px; width:auto;\" \/><\/div><FIGCAPTION class=\"\" data-alpha=\"5\" style=\"color:#ffffff; background-color:#0a076d; font-size:140; text-align:left; font-family:Default;\" ><div class=\"grid-gallery-figcaption-wrap\" style=\"\"><\/div><\/FIGCAPTION><\/FIGURE><FIGURE class=\"grid-gallery-caption\" data-grid-gallery-type=\"revolving-door-left\" data-index=\"8\" style=\"display:none;border-radius:00;; margin:2.65px; height:2000; width:auto;\" ><div class=\"crop\" style=\"\"><img decoding=\"async\" src=\"https:\/\/www.campinglapeyrade.fr\/wp-content\/uploads\/2018\/12\/DSCN1105-267x200.jpg\" class=\"ggImg ggNotInitImg\" alt=\"DSCN1105\" title=\"DSCN1105\" data-description=\"DSCN1105\" data-caption=\"DSCN1105\" data-title=\"DSCN1105\" style=\" height:200px; width:auto;\" \/><\/div><FIGCAPTION class=\"\" data-alpha=\"5\" style=\"color:#ffffff; background-color:#0a076d; font-size:140; text-align:left; font-family:Default;\" ><div class=\"grid-gallery-figcaption-wrap\" style=\"\"><\/div><\/FIGCAPTION><\/FIGURE><FIGURE class=\"grid-gallery-caption\" data-grid-gallery-type=\"revolving-door-left\" data-index=\"9\" style=\"display:none;border-radius:00;; margin:2.65px; height:2000; width:auto;\" ><div class=\"crop\" style=\"\"><img decoding=\"async\" src=\"https:\/\/www.campinglapeyrade.fr\/wp-content\/uploads\/2018\/12\/DSCN2922-267x200.jpg\" class=\"ggImg ggNotInitImg\" alt=\"DSCN2922\" title=\"DSCN2922\" data-description=\"DSCN2922\" data-caption=\"DSCN2922\" data-title=\"DSCN2922\" style=\" height:200px; width:auto;\" \/><\/div><FIGCAPTION class=\"\" data-alpha=\"5\" style=\"color:#ffffff; background-color:#0a076d; font-size:140; text-align:left; font-family:Default;\" ><div class=\"grid-gallery-figcaption-wrap\" style=\"\"><\/div><\/FIGCAPTION><\/FIGURE><FIGURE class=\"grid-gallery-caption\" data-grid-gallery-type=\"revolving-door-left\" data-index=\"10\" style=\"display:none;border-radius:00;; margin:2.65px; height:2000; width:auto;\" ><div class=\"crop\" style=\"\"><img decoding=\"async\" src=\"https:\/\/www.campinglapeyrade.fr\/wp-content\/uploads\/2018\/12\/DSCN2926-267x200.jpg\" class=\"ggImg ggNotInitImg\" alt=\"DSCN2926\" title=\"DSCN2926\" data-description=\"DSCN2926\" data-caption=\"DSCN2926\" data-title=\"DSCN2926\" style=\" height:200px; width:auto;\" \/><\/div><FIGCAPTION class=\"\" data-alpha=\"5\" style=\"color:#ffffff; background-color:#0a076d; font-size:140; text-align:left; font-family:Default;\" ><div class=\"grid-gallery-figcaption-wrap\" style=\"\"><\/div><\/FIGCAPTION><\/FIGURE><FIGURE class=\"grid-gallery-caption\" data-grid-gallery-type=\"revolving-door-left\" data-index=\"11\" style=\"display:none;border-radius:00;; margin:2.65px; height:2000; width:auto;\" ><div class=\"crop\" style=\"\"><img decoding=\"async\" src=\"https:\/\/www.campinglapeyrade.fr\/wp-content\/uploads\/2018\/12\/DSCN2951-267x200.jpg\" class=\"ggImg ggNotInitImg\" alt=\"DSCN2951\" title=\"DSCN2951\" data-description=\"DSCN2951\" data-caption=\"DSCN2951\" data-title=\"DSCN2951\" style=\" height:200px; width:auto;\" \/><\/div><FIGCAPTION class=\"\" data-alpha=\"5\" style=\"color:#ffffff; background-color:#0a076d; font-size:140; text-align:left; font-family:Default;\" ><div class=\"grid-gallery-figcaption-wrap\" style=\"\"><\/div><\/FIGCAPTION><\/FIGURE><FIGURE class=\"grid-gallery-caption\" data-grid-gallery-type=\"revolving-door-left\" data-index=\"12\" style=\"display:none;border-radius:00;; margin:2.65px; height:2000; width:auto;\" ><div class=\"crop\" style=\"\"><img decoding=\"async\" src=\"https:\/\/www.campinglapeyrade.fr\/wp-content\/uploads\/2018\/12\/DSCN2948-267x200.jpg\" class=\"ggImg ggNotInitImg\" alt=\"DSCN2948\" title=\"DSCN2948\" data-description=\"DSCN2948\" data-caption=\"DSCN2948\" data-title=\"DSCN2948\" style=\" height:200px; width:auto;\" \/><\/div><FIGCAPTION class=\"\" data-alpha=\"5\" style=\"color:#ffffff; background-color:#0a076d; font-size:140; text-align:left; font-family:Default;\" ><div class=\"grid-gallery-figcaption-wrap\" style=\"\"><\/div><\/FIGCAPTION><\/FIGURE><FIGURE class=\"grid-gallery-caption\" data-grid-gallery-type=\"revolving-door-left\" data-index=\"13\" style=\"display:none;border-radius:00;; margin:2.65px; height:2000; width:auto;\" ><div class=\"crop\" style=\"\"><img decoding=\"async\" src=\"https:\/\/www.campinglapeyrade.fr\/wp-content\/uploads\/2018\/12\/DSCN2941-267x200.jpg\" class=\"ggImg ggNotInitImg\" alt=\"DSCN2941\" title=\"DSCN2941\" data-description=\"DSCN2941\" data-caption=\"DSCN2941\" data-title=\"DSCN2941\" style=\" height:200px; width:auto;\" \/><\/div><FIGCAPTION class=\"\" data-alpha=\"5\" style=\"color:#ffffff; background-color:#0a076d; font-size:140; text-align:left; font-family:Default;\" ><div class=\"grid-gallery-figcaption-wrap\" style=\"\"><\/div><\/FIGCAPTION><\/FIGURE><FIGURE class=\"grid-gallery-caption\" data-grid-gallery-type=\"revolving-door-left\" data-index=\"14\" style=\"display:none;border-radius:00;; margin:2.65px; height:2000; width:auto;\" ><div class=\"crop\" style=\"\"><img decoding=\"async\" src=\"https:\/\/www.campinglapeyrade.fr\/wp-content\/uploads\/2018\/12\/DSCN2937-267x200.jpg\" class=\"ggImg ggNotInitImg\" alt=\"DSCN2937\" title=\"DSCN2937\" data-description=\"DSCN2937\" data-caption=\"DSCN2937\" data-title=\"DSCN2937\" style=\" height:200px; width:auto;\" \/><\/div><FIGCAPTION class=\"\" data-alpha=\"5\" style=\"color:#ffffff; background-color:#0a076d; font-size:140; text-align:left; font-family:Default;\" ><div class=\"grid-gallery-figcaption-wrap\" style=\"\"><\/div><\/FIGCAPTION><\/FIGURE><FIGURE class=\"grid-gallery-caption\" data-grid-gallery-type=\"revolving-door-left\" data-index=\"15\" style=\"display:none;border-radius:00;; margin:2.65px; height:2000; width:auto;\" ><div class=\"crop\" style=\"\"><img decoding=\"async\" src=\"https:\/\/www.campinglapeyrade.fr\/wp-content\/uploads\/2018\/12\/DSCN2936-267x200.jpg\" class=\"ggImg ggNotInitImg\" alt=\"DSCN2936\" title=\"DSCN2936\" data-description=\"DSCN2936\" data-caption=\"DSCN2936\" data-title=\"DSCN2936\" style=\" height:200px; width:auto;\" \/><\/div><FIGCAPTION class=\"\" data-alpha=\"5\" style=\"color:#ffffff; background-color:#0a076d; font-size:140; text-align:left; font-family:Default;\" ><div class=\"grid-gallery-figcaption-wrap\" style=\"\"><\/div><\/FIGCAPTION><\/FIGURE><FIGURE class=\"grid-gallery-caption\" data-grid-gallery-type=\"revolving-door-left\" data-index=\"16\" style=\"display:none;border-radius:00;; margin:2.65px; height:2000; width:auto;\" ><div class=\"crop\" style=\"\"><img decoding=\"async\" src=\"https:\/\/www.campinglapeyrade.fr\/wp-content\/uploads\/2018\/12\/DSCN2930-267x200.jpg\" class=\"ggImg ggNotInitImg\" alt=\"DSCN2930\" title=\"DSCN2930\" data-description=\"DSCN2930\" data-caption=\"DSCN2930\" data-title=\"DSCN2930\" style=\" height:200px; width:auto;\" \/><\/div><FIGCAPTION class=\"\" data-alpha=\"5\" style=\"color:#ffffff; background-color:#0a076d; font-size:140; text-align:left; font-family:Default;\" ><div class=\"grid-gallery-figcaption-wrap\" style=\"\"><\/div><\/FIGCAPTION><\/FIGURE><FIGURE class=\"grid-gallery-caption\" data-grid-gallery-type=\"revolving-door-left\" data-index=\"17\" style=\"display:none;border-radius:00;; margin:2.65px; height:2000; width:auto;\" ><div class=\"crop\" style=\"\"><img decoding=\"async\" src=\"https:\/\/www.campinglapeyrade.fr\/wp-content\/uploads\/2018\/12\/DSCN2927-267x200.jpg\" class=\"ggImg ggNotInitImg\" alt=\"DSCN2927\" title=\"DSCN2927\" data-description=\"DSCN2927\" data-caption=\"DSCN2927\" data-title=\"DSCN2927\" style=\" height:200px; width:auto;\" \/><\/div><FIGCAPTION class=\"\" data-alpha=\"5\" style=\"color:#ffffff; background-color:#0a076d; font-size:140; text-align:left; font-family:Default;\" ><div class=\"grid-gallery-figcaption-wrap\" style=\"\"><\/div><\/FIGCAPTION><\/FIGURE><FIGURE class=\"grid-gallery-caption\" data-grid-gallery-type=\"revolving-door-left\" data-index=\"18\" style=\"display:none;border-radius:00;; margin:2.65px; height:2000; width:auto;\" ><div class=\"crop\" style=\"\"><img decoding=\"async\" src=\"https:\/\/www.campinglapeyrade.fr\/wp-content\/uploads\/2018\/12\/DSCN2955-150x200.jpg\" class=\"ggImg ggNotInitImg\" alt=\"DSCN2955\" title=\"DSCN2955\" data-description=\"DSCN2955\" data-caption=\"DSCN2955\" data-title=\"DSCN2955\" style=\" height:200px; width:auto;\" \/><\/div><FIGCAPTION class=\"\" data-alpha=\"5\" style=\"color:#ffffff; background-color:#0a076d; font-size:140; text-align:left; font-family:Default;\" ><div class=\"grid-gallery-figcaption-wrap\" style=\"\"><\/div><\/FIGCAPTION><\/FIGURE><FIGURE class=\"grid-gallery-caption\" data-grid-gallery-type=\"revolving-door-left\" data-index=\"19\" style=\"display:none;border-radius:00;; margin:2.65px; height:2000; width:auto;\" ><div class=\"crop\" style=\"\"><img decoding=\"async\" src=\"https:\/\/www.campinglapeyrade.fr\/wp-content\/uploads\/2018\/12\/DSCN2958-150x200.jpg\" class=\"ggImg ggNotInitImg\" alt=\"DSCN2958\" title=\"DSCN2958\" data-description=\"DSCN2958\" data-caption=\"DSCN2958\" data-title=\"DSCN2958\" style=\" height:200px; width:auto;\" \/><\/div><FIGCAPTION class=\"\" data-alpha=\"5\" style=\"color:#ffffff; background-color:#0a076d; font-size:140; text-align:left; font-family:Default;\" ><div class=\"grid-gallery-figcaption-wrap\" style=\"\"><\/div><\/FIGCAPTION><\/FIGURE><FIGURE class=\"grid-gallery-caption\" data-grid-gallery-type=\"revolving-door-left\" data-index=\"20\" style=\"display:none;border-radius:00;; margin:2.65px; height:2000; width:auto;\" ><div class=\"crop\" style=\"\"><img decoding=\"async\" src=\"https:\/\/www.campinglapeyrade.fr\/wp-content\/uploads\/2018\/12\/DSCN2963-267x200.jpg\" class=\"ggImg ggNotInitImg\" alt=\"DSCN2963\" title=\"DSCN2963\" data-description=\"DSCN2963\" data-caption=\"DSCN2963\" data-title=\"DSCN2963\" style=\" height:200px; width:auto;\" \/><\/div><FIGCAPTION class=\"\" data-alpha=\"5\" style=\"color:#ffffff; background-color:#0a076d; font-size:140; text-align:left; font-family:Default;\" ><div class=\"grid-gallery-figcaption-wrap\" style=\"\"><\/div><\/FIGCAPTION><\/FIGURE><FIGURE class=\"grid-gallery-caption\" data-grid-gallery-type=\"revolving-door-left\" data-index=\"21\" style=\"display:none;border-radius:00;; margin:2.65px; height:2000; width:auto;\" ><div class=\"crop\" style=\"\"><img decoding=\"async\" src=\"https:\/\/www.campinglapeyrade.fr\/wp-content\/uploads\/2018\/12\/DSCN2967-150x200.jpg\" class=\"ggImg ggNotInitImg\" alt=\"DSCN2967\" title=\"DSCN2967\" data-description=\"DSCN2967\" data-caption=\"DSCN2967\" data-title=\"DSCN2967\" style=\" height:200px; width:auto;\" \/><\/div><FIGCAPTION class=\"\" data-alpha=\"5\" style=\"color:#ffffff; background-color:#0a076d; font-size:140; text-align:left; font-family:Default;\" ><div class=\"grid-gallery-figcaption-wrap\" style=\"\"><\/div><\/FIGCAPTION><\/FIGURE><FIGURE class=\"grid-gallery-caption\" data-grid-gallery-type=\"revolving-door-left\" data-index=\"22\" style=\"display:none;border-radius:00;; margin:2.65px; height:2000; width:auto;\" ><div class=\"crop\" style=\"\"><img decoding=\"async\" src=\"https:\/\/www.campinglapeyrade.fr\/wp-content\/uploads\/2018\/12\/DSCN2976-150x200.jpg\" class=\"ggImg ggNotInitImg\" alt=\"DSCN2976\" title=\"DSCN2976\" data-description=\"DSCN2976\" data-caption=\"DSCN2976\" data-title=\"DSCN2976\" style=\" height:200px; width:auto;\" \/><\/div><FIGCAPTION class=\"\" data-alpha=\"5\" style=\"color:#ffffff; background-color:#0a076d; font-size:140; text-align:left; font-family:Default;\" ><div class=\"grid-gallery-figcaption-wrap\" style=\"\"><\/div><\/FIGCAPTION><\/FIGURE><FIGURE class=\"grid-gallery-caption\" data-grid-gallery-type=\"revolving-door-left\" data-index=\"23\" style=\"display:none;border-radius:00;; margin:2.65px; height:2000; width:auto;\" ><div class=\"crop\" style=\"\"><img decoding=\"async\" src=\"https:\/\/www.campinglapeyrade.fr\/wp-content\/uploads\/2018\/12\/DSCN2986-267x200.jpg\" class=\"ggImg ggNotInitImg\" alt=\"DSCN2986\" title=\"DSCN2986\" data-description=\"DSCN2986\" data-caption=\"DSCN2986\" data-title=\"DSCN2986\" style=\" height:200px; width:auto;\" \/><\/div><FIGCAPTION class=\"\" data-alpha=\"5\" style=\"color:#ffffff; background-color:#0a076d; font-size:140; text-align:left; font-family:Default;\" ><div class=\"grid-gallery-figcaption-wrap\" style=\"\"><\/div><\/FIGCAPTION><\/FIGURE><FIGURE class=\"grid-gallery-caption\" data-grid-gallery-type=\"revolving-door-left\" data-index=\"24\" style=\"display:none;border-radius:00;; margin:2.65px; height:2000; width:auto;\" ><div class=\"crop\" style=\"\"><img decoding=\"async\" src=\"https:\/\/www.campinglapeyrade.fr\/wp-content\/uploads\/2018\/12\/DSCN2998-267x200.jpg\" class=\"ggImg ggNotInitImg\" alt=\"DSCN2998\" title=\"DSCN2998\" data-description=\"DSCN2998\" data-caption=\"DSCN2998\" data-title=\"DSCN2998\" style=\" height:200px; width:auto;\" \/><\/div><FIGCAPTION class=\"\" data-alpha=\"5\" style=\"color:#ffffff; background-color:#0a076d; font-size:140; text-align:left; font-family:Default;\" ><div class=\"grid-gallery-figcaption-wrap\" style=\"\"><\/div><\/FIGCAPTION><\/FIGURE><FIGURE class=\"grid-gallery-caption\" data-grid-gallery-type=\"revolving-door-left\" data-index=\"25\" style=\"display:none;border-radius:00;; margin:2.65px; height:2000; width:auto;\" ><div class=\"crop\" style=\"\"><img decoding=\"async\" src=\"https:\/\/www.campinglapeyrade.fr\/wp-content\/uploads\/2018\/12\/motos-216x200.jpg\" class=\"ggImg ggNotInitImg\" alt=\"motos\" title=\"motos\" data-description=\"motos\" data-caption=\"motos\" data-title=\"motos\" style=\" height:200px; width:auto;\" \/><\/div><FIGCAPTION class=\"\" data-alpha=\"5\" style=\"color:#ffffff; background-color:#0a076d; font-size:140; text-align:left; font-family:Default;\" ><div class=\"grid-gallery-figcaption-wrap\" style=\"\"><\/div><\/FIGCAPTION><\/FIGURE><FIGURE class=\"grid-gallery-caption\" data-grid-gallery-type=\"revolving-door-left\" data-index=\"26\" style=\"display:none;border-radius:00;; margin:2.65px; height:2000; width:auto;\" ><div class=\"crop\" style=\"\"><img decoding=\"async\" src=\"https:\/\/www.campinglapeyrade.fr\/wp-content\/uploads\/2018\/12\/conques-arbres-268x200.jpg\" class=\"ggImg ggNotInitImg\" alt=\"conques-arbres\" title=\"conques-arbres\" data-description=\"conques-arbres\" data-caption=\"conques-arbres\" data-title=\"conques-arbres\" style=\" height:200px; width:auto;\" \/><\/div><FIGCAPTION class=\"\" data-alpha=\"5\" style=\"color:#ffffff; background-color:#0a076d; font-size:140; text-align:left; font-family:Default;\" ><div class=\"grid-gallery-figcaption-wrap\" style=\"\"><\/div><\/FIGCAPTION><\/FIGURE><FIGURE class=\"grid-gallery-caption\" data-grid-gallery-type=\"revolving-door-left\" data-index=\"27\" style=\"display:none;border-radius:00;; margin:2.65px; height:2000; width:auto;\" ><div class=\"crop\" style=\"\"><img decoding=\"async\" src=\"https:\/\/www.campinglapeyrade.fr\/wp-content\/uploads\/2018\/12\/DSCN2933-1-267x200.jpg\" class=\"ggImg ggNotInitImg\" alt=\"DSCN2933\" title=\"DSCN2933\" data-description=\"DSCN2933\" data-caption=\"DSCN2933\" data-title=\"DSCN2933\" style=\" height:200px; width:auto;\" \/><\/div><FIGCAPTION class=\"\" data-alpha=\"5\" style=\"color:#ffffff; background-color:#0a076d; font-size:140; text-align:left; font-family:Default;\" ><div class=\"grid-gallery-figcaption-wrap\" style=\"\"><\/div><\/FIGCAPTION><\/FIGURE><FIGURE class=\"grid-gallery-caption\" data-grid-gallery-type=\"revolving-door-left\" data-index=\"28\" style=\"display:none;border-radius:00;; margin:2.65px; height:2000; width:auto;\" ><div class=\"crop\" style=\"\"><img decoding=\"async\" src=\"https:\/\/www.campinglapeyrade.fr\/wp-content\/uploads\/2018\/12\/DSCN2985-267x200.jpg\" class=\"ggImg ggNotInitImg\" alt=\"DSCN2985\" title=\"DSCN2985\" data-description=\"DSCN2985\" data-caption=\"DSCN2985\" data-title=\"DSCN2985\" style=\" height:200px; width:auto;\" \/><\/div><FIGCAPTION class=\"\" data-alpha=\"5\" style=\"color:#ffffff; background-color:#0a076d; font-size:140; text-align:left; font-family:Default;\" ><div class=\"grid-gallery-figcaption-wrap\" style=\"\"><\/div><\/FIGCAPTION><\/FIGURE><FIGURE class=\"grid-gallery-caption\" data-grid-gallery-type=\"revolving-door-left\" data-index=\"29\" style=\"display:none;border-radius:00;; margin:2.65px; height:2000; width:auto;\" ><div class=\"crop\" style=\"\"><img decoding=\"async\" src=\"https:\/\/www.campinglapeyrade.fr\/wp-content\/uploads\/2019\/01\/galerie-2-150x200.jpg\" class=\"ggImg ggNotInitImg\" alt=\"galerie-2\" title=\"galerie-2\" data-description=\"galerie-2\" data-caption=\"galerie-2\" data-title=\"galerie-2\" style=\" height:200px; width:auto;\" \/><\/div><FIGCAPTION class=\"\" data-alpha=\"5\" style=\"color:#ffffff; background-color:#0a076d; font-size:140; text-align:left; font-family:Default;\" ><div class=\"grid-gallery-figcaption-wrap\" style=\"\"><\/div><\/FIGCAPTION><\/FIGURE><FIGURE class=\"grid-gallery-caption\" data-grid-gallery-type=\"revolving-door-left\" data-index=\"30\" style=\"display:none;border-radius:00;; margin:2.65px; height:2000; width:auto;\" ><div class=\"crop\" style=\"\"><img decoding=\"async\" src=\"https:\/\/www.campinglapeyrade.fr\/wp-content\/uploads\/2019\/01\/galerie-1-267x200.jpg\" class=\"ggImg ggNotInitImg\" alt=\"galerie-1\" title=\"galerie-1\" data-description=\"galerie-1\" data-caption=\"galerie-1\" data-title=\"galerie-1\" style=\" height:200px; width:auto;\" \/><\/div><FIGCAPTION class=\"\" data-alpha=\"5\" style=\"color:#ffffff; background-color:#0a076d; font-size:140; text-align:left; font-family:Default;\" ><div class=\"grid-gallery-figcaption-wrap\" style=\"\"><\/div><\/FIGCAPTION><\/FIGURE><FIGURE class=\"grid-gallery-caption\" data-grid-gallery-type=\"revolving-door-left\" data-index=\"31\" style=\"display:none;border-radius:00;; margin:2.65px; height:2000; width:auto;\" ><div class=\"crop\" style=\"\"><img decoding=\"async\" src=\"https:\/\/www.campinglapeyrade.fr\/wp-content\/uploads\/2019\/01\/fleur-150x200.jpg\" class=\"ggImg ggNotInitImg\" alt=\"fleur\" title=\"fleur\" data-description=\"fleur\" data-caption=\"fleur\" data-title=\"fleur\" style=\" height:200px; width:auto;\" \/><\/div><FIGCAPTION class=\"\" data-alpha=\"5\" style=\"color:#ffffff; background-color:#0a076d; font-size:140; text-align:left; font-family:Default;\" ><div class=\"grid-gallery-figcaption-wrap\" style=\"\"><\/div><\/FIGCAPTION><\/FIGURE><FIGURE class=\"grid-gallery-caption\" data-grid-gallery-type=\"revolving-door-left\" data-index=\"32\" style=\"display:none;border-radius:00;; margin:2.65px; height:2000; width:auto;\" ><div class=\"crop\" style=\"\"><img decoding=\"async\" src=\"https:\/\/www.campinglapeyrade.fr\/wp-content\/uploads\/2019\/11\/20-150x200.jpg\" class=\"ggImg ggNotInitImg\" alt=\"20\" title=\"20\" data-description=\"20\" data-caption=\"20\" data-title=\"20\" style=\" height:200px; width:auto;\" \/><\/div><FIGCAPTION class=\"\" data-alpha=\"5\" style=\"color:#ffffff; background-color:#0a076d; font-size:140; text-align:left; font-family:Default;\" ><div class=\"grid-gallery-figcaption-wrap\" style=\"\"><\/div><\/FIGCAPTION><\/FIGURE><FIGURE class=\"grid-gallery-caption\" data-grid-gallery-type=\"revolving-door-left\" data-index=\"33\" style=\"display:none;border-radius:00;; margin:2.65px; height:2000; width:auto;\" ><div class=\"crop\" style=\"\"><img decoding=\"async\" src=\"https:\/\/www.campinglapeyrade.fr\/wp-content\/uploads\/2019\/11\/24-267x200.jpg\" class=\"ggImg ggNotInitImg\" alt=\"24\" title=\"24\" data-description=\"24\" data-caption=\"24\" data-title=\"24\" style=\" height:200px; width:auto;\" \/><\/div><FIGCAPTION class=\"\" data-alpha=\"5\" style=\"color:#ffffff; background-color:#0a076d; font-size:140; text-align:left; font-family:Default;\" ><div class=\"grid-gallery-figcaption-wrap\" style=\"\"><\/div><\/FIGCAPTION><\/FIGURE><FIGURE class=\"grid-gallery-caption\" data-grid-gallery-type=\"revolving-door-left\" data-index=\"34\" style=\"display:none;border-radius:00;; margin:2.65px; height:2000; width:auto;\" ><div class=\"crop\" style=\"\"><img decoding=\"async\" src=\"https:\/\/www.campinglapeyrade.fr\/wp-content\/uploads\/2019\/11\/23-268x200.jpeg\" class=\"ggImg ggNotInitImg\" alt=\"23\" title=\"23\" data-description=\"23\" data-caption=\"23\" data-title=\"23\" style=\" height:200px; width:auto;\" \/><\/div><FIGCAPTION class=\"\" data-alpha=\"5\" style=\"color:#ffffff; background-color:#0a076d; font-size:140; text-align:left; font-family:Default;\" ><div class=\"grid-gallery-figcaption-wrap\" style=\"\"><\/div><\/FIGCAPTION><\/FIGURE><FIGURE class=\"grid-gallery-caption\" data-grid-gallery-type=\"revolving-door-left\" data-index=\"35\" style=\"display:none;border-radius:00;; margin:2.65px; height:2000; width:auto;\" ><div class=\"crop\" style=\"\"><img decoding=\"async\" src=\"https:\/\/www.campinglapeyrade.fr\/wp-content\/uploads\/2019\/11\/25-150x200.jpeg\" class=\"ggImg ggNotInitImg\" alt=\"25\" title=\"25\" data-description=\"25\" data-caption=\"25\" data-title=\"25\" style=\" height:200px; width:auto;\" \/><\/div><FIGCAPTION class=\"\" data-alpha=\"5\" style=\"color:#ffffff; background-color:#0a076d; font-size:140; text-align:left; font-family:Default;\" ><div class=\"grid-gallery-figcaption-wrap\" style=\"\"><\/div><\/FIGCAPTION><\/FIGURE><FIGURE class=\"grid-gallery-caption\" data-grid-gallery-type=\"revolving-door-left\" data-index=\"36\" style=\"display:none;border-radius:00;; margin:2.65px; height:2000; width:auto;\" ><div class=\"crop\" style=\"\"><img decoding=\"async\" src=\"https:\/\/www.campinglapeyrade.fr\/wp-content\/uploads\/2019\/11\/22-267x200.jpg\" class=\"ggImg ggNotInitImg\" alt=\"22\" title=\"22\" data-description=\"22\" data-caption=\"22\" data-title=\"22\" style=\" height:200px; width:auto;\" \/><\/div><FIGCAPTION class=\"\" data-alpha=\"5\" style=\"color:#ffffff; background-color:#0a076d; font-size:140; text-align:left; font-family:Default;\" ><div class=\"grid-gallery-figcaption-wrap\" style=\"\"><\/div><\/FIGCAPTION><\/FIGURE><FIGURE class=\"grid-gallery-caption\" data-grid-gallery-type=\"revolving-door-left\" data-index=\"37\" style=\"display:none;border-radius:00;; margin:2.65px; height:2000; width:auto;\" ><div class=\"crop\" style=\"\"><img decoding=\"async\" src=\"https:\/\/www.campinglapeyrade.fr\/wp-content\/uploads\/2019\/11\/21-267x200.jpg\" class=\"ggImg ggNotInitImg\" alt=\"21\" title=\"21\" data-description=\"21\" data-caption=\"21\" data-title=\"21\" style=\" height:200px; width:auto;\" \/><\/div><FIGCAPTION class=\"\" data-alpha=\"5\" style=\"color:#ffffff; background-color:#0a076d; font-size:140; text-align:left; font-family:Default;\" ><div class=\"grid-gallery-figcaption-wrap\" style=\"\"><\/div><\/FIGCAPTION><\/FIGURE> <div class=\"grid-gallery-clearfix\"><\/div> <\/div> <div class=\"gallery-sharing-bottom\" style=\"display:none;\"> <\/div> <div class=\"gallery-sharing-image\" style=\"display:none;\"> <\/div> <div class=\"gallery-sharing-popup\" style=\"display:none;\"> <\/div> <div class=\"grid-gallery-clearfix\"><\/div> <\/div> <!-- Gallery by Supsystic plugin1.15.33 -->[\/et_pb_code][\/et_pb_column][\/et_pb_row][\/et_pb_section]<\/p>\n","protected":false},"excerpt":{"rendered":"<p>Tourisme \u00e0 proximit\u00e9 &nbsp;Village de Rignacen aveyronaux alentoursgalerie souvenirs et paysagesLe village de rignac en aveyronQuoiqu&rsquo;en en vacances, il y a aussi des activit\u00e9s \u00e0 pratiquer ou des festivals \u00e0 d\u00e9couvrir !\u00a0La petite bourgade de Rignac dispose d&rsquo;une offre compl\u00e8te de services, commerces et loisirs. Bar ou restaurant, coiffeur, \u00e9picerie, boulangerie ou supermarch\u00e9&#8230;sont \u00e0 proximit\u00e9, [&hellip;]<\/p>\n","protected":false},"author":1,"featured_media":0,"parent":0,"menu_order":0,"comment_status":"closed","ping_status":"closed","template":"","meta":{"_et_pb_use_builder":"on","_et_pb_old_content":"","_et_gb_content_width":"","footnotes":""},"class_list":["post-564","page","type-page","status-publish","hentry"],"yoast_head":"<!-- This site is optimized with the Yoast SEO plugin v27.2 - https:\/\/yoast.com\/product\/yoast-seo-wordpress\/ -->\n<title>Visites &amp; Tourisme en Aveyron \u2013 Camping La Peyrade Rignac<\/title>\n<meta name=\"description\" content=\"Partez explorer les beaux sites depuis notre camping \u00e0 Rignac, Conques, Belcastel, gorges de l&#039;Aveyron, mus\u00e9e Soulages. Des id\u00e9es de visites, randonn\u00e9e et culture.\" \/>\n<meta name=\"robots\" content=\"index, follow, max-snippet:-1, max-image-preview:large, max-video-preview:-1\" \/>\n<link rel=\"canonical\" href=\"https:\/\/www.campinglapeyrade.fr\/index.php\/tourisme-a-proximite\/\" \/>\n<meta property=\"og:locale\" content=\"fr_FR\" \/>\n<meta property=\"og:type\" content=\"article\" \/>\n<meta property=\"og:title\" content=\"Visites &amp; Tourisme en Aveyron \u2013 Camping La Peyrade Rignac\" \/>\n<meta property=\"og:description\" content=\"Partez explorer les beaux sites depuis notre camping \u00e0 Rignac, Conques, Belcastel, gorges de l&#039;Aveyron, mus\u00e9e Soulages. Des id\u00e9es de visites, randonn\u00e9e et culture.\" \/>\n<meta property=\"og:url\" content=\"https:\/\/www.campinglapeyrade.fr\/index.php\/tourisme-a-proximite\/\" \/>\n<meta property=\"og:site_name\" content=\"Camping La Peyrade\" \/>\n<meta property=\"article:modified_time\" content=\"2026-03-25T17:01:00+00:00\" \/>\n<meta property=\"og:image\" content=\"https:\/\/www.campinglapeyrade.fr\/wp-content\/uploads\/2018\/12\/mirabel.jpg\" \/>\n<meta name=\"twitter:card\" content=\"summary_large_image\" \/>\n<meta name=\"twitter:label1\" content=\"Dur\u00e9e de lecture estim\u00e9e\" \/>\n\t<meta name=\"twitter:data1\" content=\"18 minutes\" \/>\n<script type=\"application\/ld+json\" class=\"yoast-schema-graph\">{\"@context\":\"https:\/\/schema.org\",\"@graph\":[{\"@type\":\"WebPage\",\"@id\":\"https:\/\/www.campinglapeyrade.fr\/index.php\/tourisme-a-proximite\/\",\"url\":\"https:\/\/www.campinglapeyrade.fr\/index.php\/tourisme-a-proximite\/\",\"name\":\"Visites & Tourisme en Aveyron \u2013 Camping La Peyrade Rignac\",\"isPartOf\":{\"@id\":\"https:\/\/www.campinglapeyrade.fr\/#website\"},\"primaryImageOfPage\":{\"@id\":\"https:\/\/www.campinglapeyrade.fr\/index.php\/tourisme-a-proximite\/#primaryimage\"},\"image\":{\"@id\":\"https:\/\/www.campinglapeyrade.fr\/index.php\/tourisme-a-proximite\/#primaryimage\"},\"thumbnailUrl\":\"https:\/\/www.campinglapeyrade.fr\/wp-content\/uploads\/2018\/12\/mirabel.jpg\",\"datePublished\":\"2018-12-10T13:50:51+00:00\",\"dateModified\":\"2026-03-25T17:01:00+00:00\",\"description\":\"Partez explorer les beaux sites depuis notre camping \u00e0 Rignac, Conques, Belcastel, gorges de l'Aveyron, mus\u00e9e Soulages. Des id\u00e9es de visites, randonn\u00e9e et culture.\",\"breadcrumb\":{\"@id\":\"https:\/\/www.campinglapeyrade.fr\/index.php\/tourisme-a-proximite\/#breadcrumb\"},\"inLanguage\":\"fr-FR\",\"potentialAction\":[{\"@type\":\"ReadAction\",\"target\":[\"https:\/\/www.campinglapeyrade.fr\/index.php\/tourisme-a-proximite\/\"]}]},{\"@type\":\"ImageObject\",\"inLanguage\":\"fr-FR\",\"@id\":\"https:\/\/www.campinglapeyrade.fr\/index.php\/tourisme-a-proximite\/#primaryimage\",\"url\":\"https:\/\/www.campinglapeyrade.fr\/wp-content\/uploads\/2018\/12\/mirabel.jpg\",\"contentUrl\":\"https:\/\/www.campinglapeyrade.fr\/wp-content\/uploads\/2018\/12\/mirabel.jpg\",\"width\":640,\"height\":521},{\"@type\":\"BreadcrumbList\",\"@id\":\"https:\/\/www.campinglapeyrade.fr\/index.php\/tourisme-a-proximite\/#breadcrumb\",\"itemListElement\":[{\"@type\":\"ListItem\",\"position\":1,\"name\":\"Accueil\",\"item\":\"https:\/\/www.campinglapeyrade.fr\/\"},{\"@type\":\"ListItem\",\"position\":2,\"name\":\"Tourisme \u00e0 proximit\u00e9\"}]},{\"@type\":\"WebSite\",\"@id\":\"https:\/\/www.campinglapeyrade.fr\/#website\",\"url\":\"https:\/\/www.campinglapeyrade.fr\/\",\"name\":\"Camping La Peyrade\",\"description\":\"Camping ***\",\"potentialAction\":[{\"@type\":\"SearchAction\",\"target\":{\"@type\":\"EntryPoint\",\"urlTemplate\":\"https:\/\/www.campinglapeyrade.fr\/?s={search_term_string}\"},\"query-input\":{\"@type\":\"PropertyValueSpecification\",\"valueRequired\":true,\"valueName\":\"search_term_string\"}}],\"inLanguage\":\"fr-FR\"}]}<\/script>\n<!-- \/ Yoast SEO plugin. -->","yoast_head_json":{"title":"Visites & Tourisme en Aveyron \u2013 Camping La Peyrade Rignac","description":"Partez explorer les beaux sites depuis notre camping \u00e0 Rignac, Conques, Belcastel, gorges de l'Aveyron, mus\u00e9e Soulages. Des id\u00e9es de visites, randonn\u00e9e et culture.","robots":{"index":"index","follow":"follow","max-snippet":"max-snippet:-1","max-image-preview":"max-image-preview:large","max-video-preview":"max-video-preview:-1"},"canonical":"https:\/\/www.campinglapeyrade.fr\/index.php\/tourisme-a-proximite\/","og_locale":"fr_FR","og_type":"article","og_title":"Visites & Tourisme en Aveyron \u2013 Camping La Peyrade Rignac","og_description":"Partez explorer les beaux sites depuis notre camping \u00e0 Rignac, Conques, Belcastel, gorges de l'Aveyron, mus\u00e9e Soulages. Des id\u00e9es de visites, randonn\u00e9e et culture.","og_url":"https:\/\/www.campinglapeyrade.fr\/index.php\/tourisme-a-proximite\/","og_site_name":"Camping La Peyrade","article_modified_time":"2026-03-25T17:01:00+00:00","og_image":[{"url":"https:\/\/www.campinglapeyrade.fr\/wp-content\/uploads\/2018\/12\/mirabel.jpg","type":"","width":"","height":""}],"twitter_card":"summary_large_image","twitter_misc":{"Dur\u00e9e de lecture estim\u00e9e":"18 minutes"},"schema":{"@context":"https:\/\/schema.org","@graph":[{"@type":"WebPage","@id":"https:\/\/www.campinglapeyrade.fr\/index.php\/tourisme-a-proximite\/","url":"https:\/\/www.campinglapeyrade.fr\/index.php\/tourisme-a-proximite\/","name":"Visites & Tourisme en Aveyron \u2013 Camping La Peyrade Rignac","isPartOf":{"@id":"https:\/\/www.campinglapeyrade.fr\/#website"},"primaryImageOfPage":{"@id":"https:\/\/www.campinglapeyrade.fr\/index.php\/tourisme-a-proximite\/#primaryimage"},"image":{"@id":"https:\/\/www.campinglapeyrade.fr\/index.php\/tourisme-a-proximite\/#primaryimage"},"thumbnailUrl":"https:\/\/www.campinglapeyrade.fr\/wp-content\/uploads\/2018\/12\/mirabel.jpg","datePublished":"2018-12-10T13:50:51+00:00","dateModified":"2026-03-25T17:01:00+00:00","description":"Partez explorer les beaux sites depuis notre camping \u00e0 Rignac, Conques, Belcastel, gorges de l'Aveyron, mus\u00e9e Soulages. Des id\u00e9es de visites, randonn\u00e9e et culture.","breadcrumb":{"@id":"https:\/\/www.campinglapeyrade.fr\/index.php\/tourisme-a-proximite\/#breadcrumb"},"inLanguage":"fr-FR","potentialAction":[{"@type":"ReadAction","target":["https:\/\/www.campinglapeyrade.fr\/index.php\/tourisme-a-proximite\/"]}]},{"@type":"ImageObject","inLanguage":"fr-FR","@id":"https:\/\/www.campinglapeyrade.fr\/index.php\/tourisme-a-proximite\/#primaryimage","url":"https:\/\/www.campinglapeyrade.fr\/wp-content\/uploads\/2018\/12\/mirabel.jpg","contentUrl":"https:\/\/www.campinglapeyrade.fr\/wp-content\/uploads\/2018\/12\/mirabel.jpg","width":640,"height":521},{"@type":"BreadcrumbList","@id":"https:\/\/www.campinglapeyrade.fr\/index.php\/tourisme-a-proximite\/#breadcrumb","itemListElement":[{"@type":"ListItem","position":1,"name":"Accueil","item":"https:\/\/www.campinglapeyrade.fr\/"},{"@type":"ListItem","position":2,"name":"Tourisme \u00e0 proximit\u00e9"}]},{"@type":"WebSite","@id":"https:\/\/www.campinglapeyrade.fr\/#website","url":"https:\/\/www.campinglapeyrade.fr\/","name":"Camping La Peyrade","description":"Camping ***","potentialAction":[{"@type":"SearchAction","target":{"@type":"EntryPoint","urlTemplate":"https:\/\/www.campinglapeyrade.fr\/?s={search_term_string}"},"query-input":{"@type":"PropertyValueSpecification","valueRequired":true,"valueName":"search_term_string"}}],"inLanguage":"fr-FR"}]}},"_links":{"self":[{"href":"https:\/\/www.campinglapeyrade.fr\/index.php\/wp-json\/wp\/v2\/pages\/564","targetHints":{"allow":["GET"]}}],"collection":[{"href":"https:\/\/www.campinglapeyrade.fr\/index.php\/wp-json\/wp\/v2\/pages"}],"about":[{"href":"https:\/\/www.campinglapeyrade.fr\/index.php\/wp-json\/wp\/v2\/types\/page"}],"author":[{"embeddable":true,"href":"https:\/\/www.campinglapeyrade.fr\/index.php\/wp-json\/wp\/v2\/users\/1"}],"replies":[{"embeddable":true,"href":"https:\/\/www.campinglapeyrade.fr\/index.php\/wp-json\/wp\/v2\/comments?post=564"}],"version-history":[{"count":97,"href":"https:\/\/www.campinglapeyrade.fr\/index.php\/wp-json\/wp\/v2\/pages\/564\/revisions"}],"predecessor-version":[{"id":3615,"href":"https:\/\/www.campinglapeyrade.fr\/index.php\/wp-json\/wp\/v2\/pages\/564\/revisions\/3615"}],"wp:attachment":[{"href":"https:\/\/www.campinglapeyrade.fr\/index.php\/wp-json\/wp\/v2\/media?parent=564"}],"curies":[{"name":"wp","href":"https:\/\/api.w.org\/{rel}","templated":true}]}}